{"id":19591,"date":"2022-08-10T19:40:30","date_gmt":"2022-08-10T19:40:30","guid":{"rendered":"https:\/\/nezlamna.org\/informacje-dotyczace-nauki-szkolnej\/"},"modified":"2023-04-23T05:09:42","modified_gmt":"2023-04-23T05:09:42","slug":"informacje-dotyczace-nauki-szkolnej","status":"publish","type":"page","link":"https:\/\/nezlamna.org\/pl\/informacje-dotyczace-nauki-szkolnej\/","title":{"rendered":"Informacje dotycz\u0105ce nauki szkolnej"},"content":{"rendered":"\t\t<div data-elementor-type=\"wp-page\" data-elementor-id=\"19591\" class=\"elementor elementor-19591 elementor-6015\" data-elementor-post-type=\"page\">\n\t\t\t\t\t\t<section class=\"ob-is-breaking-bad elementor-section elementor-top-section elementor-element elementor-element-3362835 elementor-section-boxed elementor-section-height-default elementor-section-height-default\" data-id=\"3362835\" data-element_type=\"section\" data-e-type=\"section\" data-settings=\"{&quot;_ob_bbad_use_it&quot;:&quot;yes&quot;,&quot;_ob_bbad_sssic_use&quot;:&quot;no&quot;,&quot;_ob_glider_is_slider&quot;:&quot;no&quot;}\">\n\t\t\t\t\t\t<div class=\"elementor-container elementor-column-gap-default\">\n\t\t\t\t\t<div class=\"elementor-column elementor-col-100 elementor-top-column elementor-element elementor-element-4292a29\" data-id=\"4292a29\" data-element_type=\"column\" data-e-type=\"column\" data-settings=\"{&quot;_ob_bbad_is_stalker&quot;:&quot;no&quot;,&quot;_ob_teleporter_use&quot;:false,&quot;_ob_column_hoveranimator&quot;:&quot;no&quot;,&quot;_ob_column_has_pseudo&quot;:&quot;no&quot;}\">\n\t\t\t<div class=\"elementor-widget-wrap elementor-element-populated\">\n\t\t\t\t\t\t<div class=\"elementor-element elementor-element-79ab2b2 ob-harakiri-inherit ob-has-background-overlay elementor-widget elementor-widget-heading\" data-id=\"79ab2b2\" data-element_type=\"widget\" data-e-type=\"widget\" data-settings=\"{&quot;_ob_use_harakiri&quot;:&quot;yes&quot;,&quot;_ob_harakiri_writing_mode&quot;:&quot;inherit&quot;,&quot;_ob_harakiri_text_clip&quot;:&quot;none&quot;,&quot;_ob_perspektive_use&quot;:&quot;no&quot;,&quot;_ob_poopart_use&quot;:&quot;yes&quot;,&quot;_ob_shadough_use&quot;:&quot;no&quot;,&quot;_ob_allow_hoveranimator&quot;:&quot;no&quot;,&quot;_ob_widget_stalker_use&quot;:&quot;no&quot;}\" data-widget_type=\"heading.default\">\n\t\t\t\t\t\t<div class=\"elementor-widget-container\">\n\t\t\t\t\t<h3 class=\"elementor-heading-title elementor-size-default\">INFORMACJE O STUDIACH W PIERWSZEJ UKRAI\u0143SKIEJ SZKOLE W POLSCE W NOWYM ROKU AKADEMICKIM 2022\/2023<\/h3>\t\t\t\t<\/div>\n\t\t\t\t<\/div>\n\t\t\t\t<div class=\"elementor-element elementor-element-0595ed3 ob-harakiri-inherit ob-has-background-overlay elementor-widget elementor-widget-text-editor\" data-id=\"0595ed3\" data-element_type=\"widget\" data-e-type=\"widget\" data-settings=\"{&quot;_ob_use_harakiri&quot;:&quot;yes&quot;,&quot;_ob_harakiri_writing_mode&quot;:&quot;inherit&quot;,&quot;_ob_postman_use&quot;:&quot;no&quot;,&quot;_ob_perspektive_use&quot;:&quot;no&quot;,&quot;_ob_poopart_use&quot;:&quot;yes&quot;,&quot;_ob_shadough_use&quot;:&quot;no&quot;,&quot;_ob_allow_hoveranimator&quot;:&quot;no&quot;,&quot;_ob_widget_stalker_use&quot;:&quot;no&quot;}\" data-widget_type=\"text-editor.default\">\n\t\t\t\t\t\t<div class=\"elementor-widget-container\">\n\t\t\t\t\t\t\t\t\t<p><span style=\"font-weight: 400;\"><span style=\"vertical-align: inherit;\">W roku akademickim 2022-2023. &#8220;Pierwsza Ukrai\u0144ska Szko\u0142a Fundacji Niezwyci\u0119\u017cona Ukraina&#8221; dzia\u0142a w trzech miastach w Polsce: Warszawie, Krakowie i Wroc\u0142awiu.  <\/span><\/span><\/p>\n<p><span style=\"font-weight: 400;\"><span style=\"vertical-align: inherit;\">Nauka w Pierwszej Ukrai\u0144skiej Szkole z Fundacji Niez\u0142omna Ukraina to:  <\/span><br \/><\/span><span style=\"font-weight: 400;\"><span style=\"vertical-align: inherit;\">\ud83d\udd38 Ci\u0105g\u0142a nauka w znanym, a nie obcym programie, co skutkuje bezpieczniejszym otoczeniem i mniejszym stresem;  <\/span><br \/><\/span><span style=\"font-weight: 400;\"><span style=\"vertical-align: inherit;\">\ud83d\udd38 Usprawnione studiowanie przedmiot\u00f3w akademickich wed\u0142ug programu MES;  <\/span><br \/><\/span><span style=\"font-weight: 400;\"><span style=\"vertical-align: inherit;\">\ud83d\udd38 Brak r\u00f3\u017cnic mi\u0119dzy programami i klasami;  <\/span><br \/><\/span><span style=\"font-weight: 400;\"><span style=\"vertical-align: inherit;\">\ud83d\udd38 Lepsze przyswajanie materia\u0142u, bo nauka odbywa si\u0119 w j\u0119zyku ojczystym, nie ma bariery;  <\/span><br \/><\/span><span style=\"font-weight: 400;\"><span style=\"vertical-align: inherit;\">\ud83d\udd38 Mo\u017cliwo\u015b\u0107 odbycia kurs\u00f3w przygotowawczych z j\u0119zyka polskiego;  <\/span><br \/><\/span><span style=\"font-weight: 400;\"><span style=\"vertical-align: inherit;\">\ud83d\udd38 Mo\u017cliwo\u015b\u0107 bezproblemowego przej\u015bcia do szko\u0142y na Ukrainie bez konieczno\u015bci zdawania dodatkowych egzamin\u00f3w i test\u00f3w;  <\/span><br \/><\/span><span style=\"font-weight: 400;\"><span style=\"vertical-align: inherit;\">\ud83d\udd38 Nauka j\u0119zyka ukrai\u0144skiego, literatury i historii, podtrzymywanie wi\u0119zi z ukrai\u0144sk\u0105 to\u017csamo\u015bci\u0105 i piel\u0119gnowanie mi\u0142o\u015bci do kraju.<\/span><\/span><\/p>\n<p><b><span style=\"vertical-align: inherit;\">O programie studi\u00f3w w naszej szkole  <\/span><\/b><span style=\"font-weight: 400;\"><span style=\"vertical-align: inherit;\">Standardowy program zgodny z podstawow\u0105 edukacj\u0105 \u015bredni\u0105 z pog\u0142\u0119bion\u0105 nauk\u0105 j\u0119zyka angielskiego i polskiego jako drugiego j\u0119zyka obcego. Jest to edukacja zgodna z pa\u0144stwowymi standardami Ministerstwa Edukacji i Nauki Ukrainy. Posiadamy w\u0142asn\u0105 licencj\u0119 na prowadzenie dzia\u0142alno\u015bci edukacyjnej. Na koniec roku szkolnego wszystkie dzieci otrzymuj\u0105 pa\u0144stwowe \u015bwiadectwa, kt\u00f3re s\u0105 akceptowane w ka\u017cdej ukrai\u0144skiej szkole. Dlatego nie b\u0119dziesz mia\u0142 \u017cadnych problem\u00f3w, je\u015bli wr\u00f3cisz na Ukrain\u0119.<\/span><\/span><\/p>\n<p><span style=\"font-weight: 400;\"><span style=\"vertical-align: inherit;\">W ubieg\u0142ym semestrze zapewnili\u015bmy edukacj\u0119 offline 750 dzieciom i zatrudnili\u015bmy 65 ukrai\u0144skich nauczycieli.<\/span><\/span><\/p>\n<p><strong><span style=\"vertical-align: inherit;\">W tym <\/span><span style=\"vertical-align: inherit;\">roku uczy si\u0119 u nas ponad 1500 dzieci i pracuje 180 ukrai\u0144skich nauczycieli.<\/span><\/strong><span style=\"font-weight: 400;\"><br \/><\/span><\/p>\n<p><span style=\"font-weight: 400;\"><strong><span style=\"vertical-align: inherit;\">Przyj\u0119cie do Pierwszej Ukrai\u0144skiej Szko\u0142y Kyiv Private Lyceum odbywa si\u0119 w kilku etapach:  <\/span><\/strong><br \/><\/span><span style=\"font-weight: 400;\"><span style=\"vertical-align: inherit;\">Pierwszym etapem jest rejestracja: <\/span><\/span><a href=\"https:\/\/forms.gle\/mAqraUwGeTpeiBTm9\"><span style=\"font-weight: 400;\"><span style=\"text-decoration: underline;\"><span style=\"vertical-align: inherit;\">https:\/\/forms.gle\/mAqraUwGeTpeiBTm9<\/span><\/span><\/span><\/a><span style=\"font-weight: 400;\"><span style=\"vertical-align: inherit;\"> ; <\/span> <br \/><\/span> <span style=\"font-weight: 400;\"><span style=\"vertical-align: inherit;\">Drugi etap to sk\u0142adanie dokument\u00f3w online za po\u015brednictwem poczty;  <\/span><br \/><\/span><span style=\"font-weight: 400;\"><span style=\"vertical-align: inherit;\">Trzeci etap to fizyczne z\u0142o\u017cenie dokument\u00f3w w szkole.<\/span><\/span><\/p>\n<p><span style=\"font-weight: 400;\">Je\u015bli chcesz od razu zapisa\u0107 dziecko do szko\u0142y, zalecamy zrobienie pierwszego i drugiego etapu w tym samym czasie.<\/span><\/p>\n\t\t\t\t\t\t\t\t<\/div>\n\t\t\t\t<\/div>\n\t\t\t\t\t<\/div>\n\t\t<\/div>\n\t\t\t\t\t<\/div>\n\t\t<\/section>\n\t\t\t\t<section class=\"ob-is-breaking-bad elementor-section elementor-top-section elementor-element elementor-element-0602e7a elementor-section-boxed elementor-section-height-default elementor-section-height-default\" data-id=\"0602e7a\" data-element_type=\"section\" data-e-type=\"section\" data-settings=\"{&quot;_ob_bbad_use_it&quot;:&quot;yes&quot;,&quot;_ob_bbad_sssic_use&quot;:&quot;no&quot;,&quot;_ob_glider_is_slider&quot;:&quot;no&quot;}\">\n\t\t\t\t\t\t<div class=\"elementor-container elementor-column-gap-default\">\n\t\t\t\t\t<div class=\"elementor-column elementor-col-100 elementor-top-column elementor-element elementor-element-4793763\" data-id=\"4793763\" data-element_type=\"column\" data-e-type=\"column\" data-settings=\"{&quot;_ob_bbad_is_stalker&quot;:&quot;no&quot;,&quot;_ob_teleporter_use&quot;:false,&quot;_ob_column_hoveranimator&quot;:&quot;no&quot;,&quot;_ob_column_has_pseudo&quot;:&quot;no&quot;}\">\n\t\t\t<div class=\"elementor-widget-wrap elementor-element-populated\">\n\t\t\t\t\t\t<div class=\"elementor-element elementor-element-e8aa2d2 ob-harakiri-inherit ob-has-background-overlay elementor-widget elementor-widget-heading\" data-id=\"e8aa2d2\" data-element_type=\"widget\" data-e-type=\"widget\" data-settings=\"{&quot;_ob_use_harakiri&quot;:&quot;yes&quot;,&quot;_ob_harakiri_writing_mode&quot;:&quot;inherit&quot;,&quot;_ob_harakiri_text_clip&quot;:&quot;none&quot;,&quot;_ob_perspektive_use&quot;:&quot;no&quot;,&quot;_ob_poopart_use&quot;:&quot;yes&quot;,&quot;_ob_shadough_use&quot;:&quot;no&quot;,&quot;_ob_allow_hoveranimator&quot;:&quot;no&quot;,&quot;_ob_widget_stalker_use&quot;:&quot;no&quot;}\" data-widget_type=\"heading.default\">\n\t\t\t\t\t\t<div class=\"elementor-widget-container\">\n\t\t\t\t\t<h3 class=\"elementor-heading-title elementor-size-default\">KAMPANIA WST\u0118PU DLA KLAS 1-11 WE WSZYSTKICH MIASTACH<\/h3>\t\t\t\t<\/div>\n\t\t\t\t<\/div>\n\t\t\t\t<div class=\"elementor-element elementor-element-8908403 ob-harakiri-inherit ob-has-background-overlay elementor-widget elementor-widget-text-editor\" data-id=\"8908403\" data-element_type=\"widget\" data-e-type=\"widget\" data-settings=\"{&quot;_ob_use_harakiri&quot;:&quot;yes&quot;,&quot;_ob_harakiri_writing_mode&quot;:&quot;inherit&quot;,&quot;_ob_postman_use&quot;:&quot;no&quot;,&quot;_ob_perspektive_use&quot;:&quot;no&quot;,&quot;_ob_poopart_use&quot;:&quot;yes&quot;,&quot;_ob_shadough_use&quot;:&quot;no&quot;,&quot;_ob_allow_hoveranimator&quot;:&quot;no&quot;,&quot;_ob_widget_stalker_use&quot;:&quot;no&quot;}\" data-widget_type=\"text-editor.default\">\n\t\t\t\t\t\t<div class=\"elementor-widget-container\">\n\t\t\t\t\t\t\t\t\t<p><b>Pakiet dokument\u00f3w, kt\u00f3re nale\u017cy z\u0142o\u017cy\u0107 na szkolenie:<\/b><\/p>\n<ol>\n<li style=\"font-weight: 400;\" aria-level=\"1\"><span style=\"font-weight: 400;\">Karta sprawozdania za poprzedni\u0105 klas\u0119;<\/span><\/li>\n<li style=\"font-weight: 400;\" aria-level=\"1\"><span style=\"font-weight: 400;\">Odpis aktu urodzenia <\/span><span style=\"font-weight: 400;\">lub paszportu lub dowodu osobistego<\/span><span style=\"font-weight: 400;\"> (je\u015bli ju\u017c go posiadasz);<\/span><\/li>\n<li style=\"font-weight: 400;\" aria-level=\"1\"><span style=\"font-weight: 400;\">\u015awiadectwo uko\u0144czenia szko\u0142y \u015bredniej podstawowej (dla klas 10-11)<\/span><span style=\"font-weight: 400;\">;<\/span><\/li>\n<li style=\"font-weight: 400;\" aria-level=\"1\"><span style=\"font-weight: 400;\">TIN (je\u015bli istnieje);<\/span><\/li>\n<li style=\"font-weight: 400;\" aria-level=\"1\"><span style=\"font-weight: 400;\">Kopie ukrai\u0144skich paszport\u00f3w rodzic\u00f3w (pierwsza strona i strona z rejestracj\u0105; w przypadku rozwodu &#8211; paszport jednego z nich);<\/span><\/li>\n<li style=\"font-weight: 400;\" aria-level=\"1\"><span style=\"font-weight: 400;\">Polski kod PESEL rodzic\u00f3w i dziecka (je\u015bli jest dost\u0119pny);<\/span><\/li>\n<li style=\"font-weight: 400;\" aria-level=\"1\"><span style=\"font-weight: 400;\">Paszport dziecka (je\u015bli jest dost\u0119pny);<\/span><\/li>\n<li style=\"font-weight: 400;\" aria-level=\"1\"><span style=\"font-weight: 400;\">Adres zamieszkania w Polsce lub inny dow\u00f3d zamieszkania w Polsce (np. umowa najmu);<\/span><\/li>\n<li aria-level=\"1\"><span style=\"font-weight: 400;\">Podanie od rodzic\u00f3w o zapisanie dzieci, do<\/span><span style=\"font-weight: 400;\"> do Oleny Pawlenko, dyrektor Kijowskiego Prywatnego Liceum &#8220;Pierwsza Ukrai\u0144ska Szko\u0142a&#8221; z Fundacji &#8220;Niez\u0142omna Ukraina&#8221;. <\/span><a href=\"https:\/\/docs.google.com\/document\/d\/1jrUuxTxrVyKGnD1rZMXLVslKmK2QePjv\/edit\"><br \/>\n  <b>Wz\u00f3r znajduje si\u0119 tutaj.<\/b><br \/>\n<\/a><span style=\"font-weight: 400;\">.<\/span><span style=\"font-weight: 400;\"> Podanie musi by\u0107 napisane odr\u0119cznie;<\/span><\/li>\n<li style=\"font-weight: 400;\" aria-level=\"1\"><span style=\"font-weight: 400;\">Akta osobowe <\/span><span style=\"font-weight: 400;\">lub o\u015bwiadczenie o utracie akt osobowych, aby\u015bmy mogli za\u0142o\u017cy\u0107 nowe;<\/span><\/li>\n<li style=\"font-weight: 400;\" aria-level=\"1\"><span style=\"font-weight: 400;\"><span style=\"font-weight: 400;\"><span style=\"font-weight: 400;\"><span style=\"font-weight: 400;\">Karta medyczna lub za\u015bwiadczenie o stanie zdrowia dziecka. Je\u015bli dziecko jest zdrowe, rodzice mog\u0105 napisa\u0107 o\u015bwiadczenie w dowolnej formie. Je\u015bli dziecko jest zwolnione z wychowania fizycznego, prosimy o dostarczenie zwolnienia lekarskiego.<\/span><\/span><\/span><\/span><\/li>\n<\/ol>\n<p><strong><img decoding=\"async\" class=\"emoji\" role=\"img\" draggable=\"false\" src=\"https:\/\/s.w.org\/images\/core\/emoji\/14.0.0\/svg\/2753.svg\" alt=\"\u2753\">Jak z\u0142o\u017cy\u0107 pakiet dokument\u00f3w?  <br \/><\/strong><span style=\"font-weight: 400;\">Istnieje kilka podstawowych zasad, o kt\u00f3rych przestrzeganie prosimy:<\/span><\/p>\n<ul>\n<li><span style=\"font-weight: 400;\">Prosz\u0119 poda\u0107 temat listu wpisuj\u0105c miasto + imi\u0119 i nazwisko dziecka + klas\u0119;<\/span><\/li>\n<li><span style=\"font-weight: 400;\"><span style=\"font-weight: 400;\">Wy\u015blij ca\u0142y pakiet dokument\u00f3w w jednym li\u015bcie. Nie nale\u017cy wysy\u0142a\u0107 10 dokument\u00f3w w 10 mailach, a raczej zebra\u0107 WSZYSTKIE pliki razem w JEDNYM mailu i wys\u0142a\u0107 go raz;<br \/><\/span><\/span><\/li>\n<\/ul>\n<p><span style=\"font-weight: 400;\"><br \/>Zapisy dzieci odbywa\u0107 si\u0119 b\u0119d\u0105 w kolejno\u015bci sk\u0142adania dokument\u00f3w, a\u017c do utworzenia dw\u00f3ch r\u00f3wnoleg\u0142ych klas (A i B).  <br \/><span style=\"text-decoration: underline;\">Zastrzegamy sobie prawo do odmowy zapis\u00f3w w momencie tworzenia si\u0119 klasy.  <br \/><\/span><\/span>Liczba dzieci w jednej klasie wynosi 28 uczni\u00f3w, w klasie r\u00f3wnoleg\u0142ej &#8211; 56.<\/p>\n<p><b>Kursy przygotowawcze:<br \/><\/b><span style=\"font-weight: 400;\">Oferujemy r\u00f3wnie\u017c:<\/span><\/p>\n<ol>\n<li><span style=\"font-weight: 400;\"> <span style=\"text-decoration: underline;\"><br \/>\n  <strong><br \/>\n    <a href=\"https:\/\/nezlamna.org\/uk\/organization\/shkola-majbutnogo-pershoklasnyka\/\"> Zaj\u0119cia dla przysz\u0142ych pierwszoklasist\u00f3w<\/a><br \/>\n  <\/strong><br \/>\n<\/span> (23-24 lata), dzieci w wieku 5-6 lat w 12 miastach Polski. To odpowiednik polskiej &#8220;zer\u00f3wki&#8221;, czyli przygotowania do szko\u0142y po ukrai\u0144sku;<\/span><\/li>\n<li> <span style=\"font-weight: 400;\"><a href=\"https:\/\/nezlamna.org\/uk\/novini\/grupy-podovzhenogo-dnya\/\"><span style=\"text-decoration: underline;\"><strong> Rozbudowane grupy \u015bwietlicowe<\/strong><\/span><\/a> dla uczni\u00f3w naszych szk\u00f3\u0142<\/span><span style=\"font-weight: 400;\">; <\/span> <\/li>\n<li><span style=\"font-weight: 400;\"> <a href=\"https:\/\/nezlamna.org\/uk\/pidgotovka-do-zno\/\"><strong><span style=\"text-decoration: underline;\">Przygotowanie do zewn\u0119trznej<\/span><\/strong><\/a>, niezale\u017cnej ewaluacji dla uczni\u00f3w szk\u00f3\u0142 \u015brednich, kt\u00f3rzy ucz\u0105 si\u0119 u nas offline, online w swoich ukrai\u0144skich szko\u0142ach lub offline w polskich szko\u0142ach. W trakcie opracowywania;<\/span><\/li>\n<li><a href=\"https:\/\/nezlamna.org\/uk\/organization\/grupy-psyhologichnoyi-pidtrymky\/\"><strong><span style=\"text-decoration: underline;\">Grupy wsparcia psychologicznego dla rodzic\u00f3w.<\/span><\/strong><\/a><\/li>\n<\/ol>\n\t\t\t\t\t\t\t\t<\/div>\n\t\t\t\t<\/div>\n\t\t\t\t\t<\/div>\n\t\t<\/div>\n\t\t\t\t\t<\/div>\n\t\t<\/section>\n\t\t\t\t<section class=\"ob-is-breaking-bad elementor-section elementor-top-section elementor-element elementor-element-e581ec9 elementor-section-boxed elementor-section-height-default elementor-section-height-default\" data-id=\"e581ec9\" data-element_type=\"section\" data-e-type=\"section\" data-settings=\"{&quot;_ob_bbad_use_it&quot;:&quot;yes&quot;,&quot;_ob_bbad_sssic_use&quot;:&quot;no&quot;,&quot;_ob_glider_is_slider&quot;:&quot;no&quot;}\">\n\t\t\t\t\t\t<div class=\"elementor-container elementor-column-gap-default\">\n\t\t\t\t\t<div class=\"elementor-column elementor-col-100 elementor-top-column elementor-element elementor-element-3ef702b\" data-id=\"3ef702b\" data-element_type=\"column\" data-e-type=\"column\" data-settings=\"{&quot;_ob_bbad_is_stalker&quot;:&quot;no&quot;,&quot;_ob_teleporter_use&quot;:false,&quot;_ob_column_hoveranimator&quot;:&quot;no&quot;,&quot;_ob_column_has_pseudo&quot;:&quot;no&quot;}\">\n\t\t\t<div class=\"elementor-widget-wrap elementor-element-populated\">\n\t\t\t\t\t\t<div class=\"elementor-element elementor-element-4a52841 ob-harakiri-inherit ob-has-background-overlay elementor-widget elementor-widget-heading\" data-id=\"4a52841\" data-element_type=\"widget\" data-e-type=\"widget\" data-settings=\"{&quot;_ob_use_harakiri&quot;:&quot;yes&quot;,&quot;_ob_harakiri_writing_mode&quot;:&quot;inherit&quot;,&quot;_ob_harakiri_text_clip&quot;:&quot;none&quot;,&quot;_ob_perspektive_use&quot;:&quot;no&quot;,&quot;_ob_poopart_use&quot;:&quot;yes&quot;,&quot;_ob_shadough_use&quot;:&quot;no&quot;,&quot;_ob_allow_hoveranimator&quot;:&quot;no&quot;,&quot;_ob_widget_stalker_use&quot;:&quot;no&quot;}\" data-widget_type=\"heading.default\">\n\t\t\t\t\t\t<div class=\"elementor-widget-container\">\n\t\t\t\t\t<h3 class=\"elementor-heading-title elementor-size-default\">Odpowiedzi na najcz\u0119\u015bciej zadawane pytania:<\/h3>\t\t\t\t<\/div>\n\t\t\t\t<\/div>\n\t\t\t\t<div class=\"elementor-element elementor-element-9affec8 ob-has-background-overlay elementor-widget elementor-widget-accordion\" data-id=\"9affec8\" data-element_type=\"widget\" data-e-type=\"widget\" data-settings=\"{&quot;_ob_perspektive_use&quot;:&quot;no&quot;,&quot;_ob_poopart_use&quot;:&quot;yes&quot;,&quot;_ob_shadough_use&quot;:&quot;no&quot;,&quot;_ob_allow_hoveranimator&quot;:&quot;no&quot;,&quot;_ob_widget_stalker_use&quot;:&quot;no&quot;}\" data-widget_type=\"accordion.default\">\n\t\t\t\t\t\t<div class=\"elementor-widget-container\">\n\t\t\t\t\t\t\t<div class=\"elementor-accordion\">\n\t\t\t\t\t\t\t<div class=\"elementor-accordion-item\">\n\t\t\t\t\t<div id=\"elementor-tab-title-1621\" class=\"elementor-tab-title\" data-tab=\"1\" role=\"button\" aria-controls=\"elementor-tab-content-1621\" aria-expanded=\"false\">\n\t\t\t\t\t\t\t\t\t\t\t\t\t<span class=\"elementor-accordion-icon elementor-accordion-icon-left\" aria-hidden=\"true\">\n\t\t\t\t\t\t\t\t\t\t\t\t\t\t\t<span class=\"elementor-accordion-icon-closed\"><i class=\"fas fa-plus\"><\/i><\/span>\n\t\t\t\t\t\t\t\t<span class=\"elementor-accordion-icon-opened\"><i class=\"fas fa-minus\"><\/i><\/span>\n\t\t\t\t\t\t\t\t\t\t\t\t\t\t<\/span>\n\t\t\t\t\t\t\t\t\t\t\t\t<a class=\"elementor-accordion-title\" tabindex=\"0\">Jak zapisa\u0107 dziecko do Twojej szko\u0142y?<\/a>\n\t\t\t\t\t<\/div>\n\t\t\t\t\t<div id=\"elementor-tab-content-1621\" class=\"elementor-tab-content elementor-clearfix\" data-tab=\"1\" role=\"region\" aria-labelledby=\"elementor-tab-title-1621\"><p><span style=\"font-weight: 400;\">W tym roku ko\u0144czymy rok szkolny z 1550 uczniami w naszych trzech szko\u0142ach, kt\u00f3re otworzyli\u015bmy w Warszawie, Krakowie i Wroc\u0142awiu dzi\u0119ki dofinansowaniu z UNICEF i Save the Children International.<\/span><\/p>\n<p><span style=\"font-weight: 400;\">Co b\u0119dzie si\u0119 dzia\u0142o w nowym roku akademickim? <\/span><\/p>\n<p><span style=\"font-weight: 400;\">W dalszym ci\u0105gu pracujemy i poszukujemy \u015brodk\u00f3w finansowych na utrzymanie poziomu wsparcia dla naszych szk\u00f3\u0142 i rozbudow\u0119 sieci. Ale b\u0105d\u017amy szczerzy: nie ma jeszcze ostatecznych odpowiedzi.<\/span><\/p>\n<p><span style=\"font-weight: 400;\">W ci\u0105gu dw\u00f3ch miesi\u0119cy od uruchomienia rejestracji na 23\/24 otrzymali\u015bmy ju\u017c ponad 800 nowych unikalnych zg\u0142osze\u0144 na studia w Warszawie, Krakowie i Wroc\u0142awiu. Mamy te\u017c (co nie dziwi) zg\u0142oszenia na studia w innych miastach. Oceniamy zapotrzebowanie i rozwa\u017camy mo\u017cliwo\u015bci dotarcia do jak najwi\u0119kszej liczby ukrai\u0144skich dzieci, kt\u00f3re nie maj\u0105 wystarczaj\u0105cej liczby miejsc w polskich szko\u0142ach lub trudno im si\u0119 w nich uczy\u0107.<\/span><\/p>\n<p><span style=\"font-weight: 400;\">Informacja pojawi si\u0119 nie wcze\u015bniej ni\u017c na prze\u0142omie czerwca i lipca.<\/span><\/p>\n<p><span style=\"font-weight: 400;\">Przed z\u0142o\u017ceniem dokument\u00f3w koniecznie zapoznaj si\u0119 z zasadami przyj\u0119cia na stronie internetowej<\/span> <a href=\"https:\/\/nezlamna.org\/pl\/informacje-dotyczace-nauki-szkolnej\/\"><span style=\"font-weight: 400;\">https:\/\/nezlamna.org\/uk\/informacziya-pro-navchannya-u-shkoli\/<\/span><\/a><span style=\"font-weight: 400;\"> i czyta\u0107 przypi\u0119te posty w mediach spo\u0142eczno\u015bciowych. Przypominamy o naszych portalach spo\u0142eczno\u015bciowych: <\/span><\/p>\n<p> <span style=\"font-weight: 400;\"> \ud83d\udd38 Instagram: <\/span><a href=\"https:\/\/www.instagram.com\/foundation_nezlamna_ua\/\"><span style=\"font-weight: 400;\">https:\/\/www.instagram.com\/foundation_nezlamna_ua\/<\/span><\/a><span style=\"font-weight: 400;\"> <\/span><\/p>\n<p> <span style=\"font-weight: 400;\"> \ud83d\udd38 Facebook: <\/span><a href=\"https:\/\/www.facebook.com\/ICF.Flashlights\"><span style=\"font-weight: 400;\">https:\/\/www.facebook.com\/ICF.Flashlights<\/span><\/a><span style=\"font-weight: 400;\"> <\/span><\/p>\n<p><span style=\"font-weight: 400;\">\ud83d\udd38 Telegram: <\/span><a href=\"https:\/\/t.me\/osvita_ukraine\"><span style=\"font-weight: 400;\">https:\/\/t.me\/osvita_ukraine<\/span><\/a><span style=\"font-weight: 400;\"> <\/span><\/p>\n<p><span style=\"font-weight: 400;\">\ud83d\udd38Linkedin:<\/span> <a href=\"https:\/\/www.linkedin.com\/company\/foundation-unbreakable-ukraine\/about\/\"><span style=\"font-weight: 400;\">https:\/\/www.linkedin.com\/company\/foundation-unbreakable-ukraine\/about\/<\/span><\/a><\/p>\n<p><span style=\"font-weight: 400;\">\ud83d\udd38Twitter:<\/span> <a href=\"https:\/\/twitter.com\/FoudationU\"><span style=\"font-weight: 400;\">https:\/\/twitter.com\/FoudationU<\/span><\/a><span style=\"font-weight: 400;\"> <\/span><\/p>\n<p><span style=\"font-weight: 400;\">Aby ubiega\u0107 si\u0119 o przyj\u0119cie na rok akademicki 23\/24, wystarczy wype\u0142ni\u0107<\/span> <a href=\"https:\/\/forms.gle\/mAqraUwGeTpeiBTm9\"><span style=\"font-weight: 400;\">formularz zg\u0142oszeniowy<\/span><\/a><span style=\"font-weight: 400;\">. Zostaniesz dodany do listy oczekuj\u0105cych i prze\u015blemy Ci informacje o dost\u0119pnych miejscach i procedurze przyj\u0119cia podczas letniej kampanii rekrutacyjnej. Czyli na ankiet\u0119 b\u0119dzie mo\u017cna odpowiedzie\u0107 w czerwcu-lipcu.<\/span><\/p>\n<p><span style=\"font-weight: 400;\">Uczniowie klas od 1 do 11, kt\u00f3rzy ju\u017c si\u0119 u nas ucz\u0105, zostan\u0105 automatycznie przeniesieni na kolejny rok.<\/span><\/p>\n<p><span style=\"font-weight: 400;\">Przypominamy, \u017ce Pierwsza Ukrai\u0144ska Szko\u0142a z Fundacji Niez\u0142omna Ukraina odpowiada na listy i pisze listy, a nie dzwoni.<\/span><\/p>\n<\/div>\n\t\t\t\t<\/div>\n\t\t\t\t\t\t\t<div class=\"elementor-accordion-item\">\n\t\t\t\t\t<div id=\"elementor-tab-title-1622\" class=\"elementor-tab-title\" data-tab=\"2\" role=\"button\" aria-controls=\"elementor-tab-content-1622\" aria-expanded=\"false\">\n\t\t\t\t\t\t\t\t\t\t\t\t\t<span class=\"elementor-accordion-icon elementor-accordion-icon-left\" aria-hidden=\"true\">\n\t\t\t\t\t\t\t\t\t\t\t\t\t\t\t<span class=\"elementor-accordion-icon-closed\"><i class=\"fas fa-plus\"><\/i><\/span>\n\t\t\t\t\t\t\t\t<span class=\"elementor-accordion-icon-opened\"><i class=\"fas fa-minus\"><\/i><\/span>\n\t\t\t\t\t\t\t\t\t\t\t\t\t\t<\/span>\n\t\t\t\t\t\t\t\t\t\t\t\t<a class=\"elementor-accordion-title\" tabindex=\"0\">Jakie s\u0105 korzy\u015bci z nauki w Pa\u0144stwa szkole?<\/a>\n\t\t\t\t\t<\/div>\n\t\t\t\t\t<div id=\"elementor-tab-content-1622\" class=\"elementor-tab-content elementor-clearfix\" data-tab=\"2\" role=\"region\" aria-labelledby=\"elementor-tab-title-1622\"><p><span style=\"font-weight: 400;\">Rozmawiamy o zaletach ukrai\u0144skich szk\u00f3\u0142 w Polsce:<\/span><\/p>\n<p><span style=\"font-weight: 400;\">\ud83d\udd38 Ci\u0105g\u0142a nauka w znanym, a nie obcym programie, co skutkuje bezpieczniejszym otoczeniem i mniejszym stresem;<br \/><\/span><span style=\"font-weight: 400;\">\ud83d\udd38 Usprawnione studiowanie przedmiot\u00f3w akademickich wed\u0142ug programu MES;<br \/><\/span><span style=\"font-weight: 400;\">\ud83d\udd38 Brak r\u00f3\u017cnic mi\u0119dzy programami i klasami;<br \/><\/span><span style=\"font-weight: 400;\">\ud83d\udd38 Lepsze przyswajanie materia\u0142u, bo nauka odbywa si\u0119 w j\u0119zyku ojczystym, nie ma bariery;<br \/><\/span><span style=\"font-weight: 400;\">\ud83d\udd38 Mo\u017cliwo\u015b\u0107 odbycia kurs\u00f3w przygotowawczych z j\u0119zyka polskiego;<br \/><\/span><span style=\"font-weight: 400;\">\ud83d\udd38 Mo\u017cliwo\u015b\u0107 bezproblemowego przej\u015bcia do szko\u0142y na Ukrainie bez konieczno\u015bci zdawania dodatkowych egzamin\u00f3w i test\u00f3w;<br \/><\/span><span style=\"font-weight: 400;\">\ud83d\udd38 Nauka j\u0119zyka ukrai\u0144skiego, literatury i historii, podtrzymywanie wi\u0119zi z ukrai\u0144sk\u0105 to\u017csamo\u015bci\u0105 i piel\u0119gnowanie mi\u0142o\u015bci do kraju.<\/span><\/p>\n<\/div>\n\t\t\t\t<\/div>\n\t\t\t\t\t\t\t<div class=\"elementor-accordion-item\">\n\t\t\t\t\t<div id=\"elementor-tab-title-1623\" class=\"elementor-tab-title\" data-tab=\"3\" role=\"button\" aria-controls=\"elementor-tab-content-1623\" aria-expanded=\"false\">\n\t\t\t\t\t\t\t\t\t\t\t\t\t<span class=\"elementor-accordion-icon elementor-accordion-icon-left\" aria-hidden=\"true\">\n\t\t\t\t\t\t\t\t\t\t\t\t\t\t\t<span class=\"elementor-accordion-icon-closed\"><i class=\"fas fa-plus\"><\/i><\/span>\n\t\t\t\t\t\t\t\t<span class=\"elementor-accordion-icon-opened\"><i class=\"fas fa-minus\"><\/i><\/span>\n\t\t\t\t\t\t\t\t\t\t\t\t\t\t<\/span>\n\t\t\t\t\t\t\t\t\t\t\t\t<a class=\"elementor-accordion-title\" tabindex=\"0\">Gdzie b\u0119dzie zlokalizowana nowa szko\u0142a? Jaki jest adres?  <\/a>\n\t\t\t\t\t<\/div>\n\t\t\t\t\t<div id=\"elementor-tab-content-1623\" class=\"elementor-tab-content elementor-clearfix\" data-tab=\"3\" role=\"region\" aria-labelledby=\"elementor-tab-title-1623\"><p><span style=\"font-weight: 400;\"><strong>Adres szko\u0142y w Krakowie:<\/strong> 25, \u015awi\u0119tego Filipa, 31-150 Krak\u00f3w.<br \/><\/span> Adres szko\u0142y we<strong>Wroc\u0142awiu<\/strong>: Aleja Wi\u015bniowa 1, 53-313<b><br \/><\/b><strong>Adres szko\u0142y w Warszawie:<\/strong> Al. Jerozolimskie 179, 02-222<\/p>\n<\/div>\n\t\t\t\t<\/div>\n\t\t\t\t\t\t\t<div class=\"elementor-accordion-item\">\n\t\t\t\t\t<div id=\"elementor-tab-title-1624\" class=\"elementor-tab-title\" data-tab=\"4\" role=\"button\" aria-controls=\"elementor-tab-content-1624\" aria-expanded=\"false\">\n\t\t\t\t\t\t\t\t\t\t\t\t\t<span class=\"elementor-accordion-icon elementor-accordion-icon-left\" aria-hidden=\"true\">\n\t\t\t\t\t\t\t\t\t\t\t\t\t\t\t<span class=\"elementor-accordion-icon-closed\"><i class=\"fas fa-plus\"><\/i><\/span>\n\t\t\t\t\t\t\t\t<span class=\"elementor-accordion-icon-opened\"><i class=\"fas fa-minus\"><\/i><\/span>\n\t\t\t\t\t\t\t\t\t\t\t\t\t\t<\/span>\n\t\t\t\t\t\t\t\t\t\t\t\t<a class=\"elementor-accordion-title\" tabindex=\"0\">Dlaczego macie dwie zmiany?<\/a>\n\t\t\t\t\t<\/div>\n\t\t\t\t\t<div id=\"elementor-tab-content-1624\" class=\"elementor-tab-content elementor-clearfix\" data-tab=\"4\" role=\"region\" aria-labelledby=\"elementor-tab-title-1624\"><p>Tak, rzeczywi\u015bcie w niekt\u00f3rych szko\u0142ach b\u0119dzie mo\u017cna uczy\u0107 si\u0119 na dwie zmiany. Dzieje si\u0119 tak dlatego, \u017ce znalezienie wi\u0119kszej sali, kt\u00f3ra pomie\u015bci\u0142aby wszystkie dzieci jednocze\u015bnie jest niemal niemo\u017cliwe, czy to ze wzgl\u0119du na niezwykle wysoki miesi\u0119czny czynsz, czy te\u017c z powodu ma\u0142ej ilo\u015bci ofert. Staramy si\u0119 i chcemy zapewni\u0107 wszystkim edukacj\u0119 offline, ale nie jeste\u015bmy wszechmocni. Nie jest to jednak du\u017cy problem, gdy\u017c wiele szk\u00f3\u0142, lice\u00f3w i gimnazj\u00f3w zar\u00f3wno na Ukrainie, jak i w Polsce praktykuje nauk\u0119 na dwie zmiany. Nie wp\u0142ywa to na jako\u015b\u0107 kszta\u0142cenia i zdobywania wiedzy.<\/p>\n<\/div>\n\t\t\t\t<\/div>\n\t\t\t\t\t\t\t<div class=\"elementor-accordion-item\">\n\t\t\t\t\t<div id=\"elementor-tab-title-1625\" class=\"elementor-tab-title\" data-tab=\"5\" role=\"button\" aria-controls=\"elementor-tab-content-1625\" aria-expanded=\"false\">\n\t\t\t\t\t\t\t\t\t\t\t\t\t<span class=\"elementor-accordion-icon elementor-accordion-icon-left\" aria-hidden=\"true\">\n\t\t\t\t\t\t\t\t\t\t\t\t\t\t\t<span class=\"elementor-accordion-icon-closed\"><i class=\"fas fa-plus\"><\/i><\/span>\n\t\t\t\t\t\t\t\t<span class=\"elementor-accordion-icon-opened\"><i class=\"fas fa-minus\"><\/i><\/span>\n\t\t\t\t\t\t\t\t\t\t\t\t\t\t<\/span>\n\t\t\t\t\t\t\t\t\t\t\t\t<a class=\"elementor-accordion-title\" tabindex=\"0\">Jaki pakiet dokument\u00f3w powinni z\u0142o\u017cy\u0107 rodzice?<\/a>\n\t\t\t\t\t<\/div>\n\t\t\t\t\t<div id=\"elementor-tab-content-1625\" class=\"elementor-tab-content elementor-clearfix\" data-tab=\"5\" role=\"region\" aria-labelledby=\"elementor-tab-title-1625\"><ul>\n<li style=\"list-style-type: none;\" aria-level=\"1\">\n<ol>\n<li style=\"font-weight: 400;\" aria-level=\"1\"><span style=\"font-weight: 400;\">Karta sprawozdania za poprzedni\u0105 klas\u0119;<\/span><\/li>\n<li style=\"font-weight: 400;\" aria-level=\"1\"><span style=\"font-weight: 400;\">Kopia aktu urodzenia lub dowodu osobistego (je\u015bli ju\u017c go masz);<\/span><\/li>\n<li style=\"font-weight: 400;\" aria-level=\"1\"><span style=\"font-weight: 400;\">TIN (je\u015bli istnieje);<\/span><\/li>\n<li style=\"font-weight: 400;\" aria-level=\"1\"><span style=\"font-weight: 400;\">Kopie ukrai\u0144skich paszport\u00f3w rodzic\u00f3w (pierwsza strona i strona z rejestracj\u0105; w przypadku rozwodu &#8211; paszport jednego z nich);<\/span><\/li>\n<li style=\"font-weight: 400;\" aria-level=\"1\"><span style=\"font-weight: 400;\">Polski kod PESEL rodzic\u00f3w i dziecka (je\u015bli jest dost\u0119pny);<\/span><\/li>\n<li style=\"font-weight: 400;\" aria-level=\"1\"><span style=\"font-weight: 400;\">Paszport dziecka (je\u015bli jest dost\u0119pny);<\/span><\/li>\n<li style=\"font-weight: 400;\" aria-level=\"1\"><span style=\"font-weight: 400;\">Adres zamieszkania w Polsce lub inny dow\u00f3d zamieszkania w Polsce (np. umowa najmu);<\/span><\/li>\n<li aria-level=\"1\">Podanie od rodzic\u00f3w o zapisanie dzieci, skierowane do Oleny Pawlenko, dyrektora Kijowskiego Prywatnego Liceum &#8220;Pierwsza Szko\u0142a Ukrai\u0144ska&#8221; z Fundacji &#8220;Niez\u0142omna Ukraina&#8221;. <strong><br \/>\n  <a href=\"https:\/\/docs.google.com\/document\/d\/1jrUuxTxrVyKGnD1rZMXLVslKmK2QePjv\/edit\">Wz\u00f3r znajduje si\u0119 tutaj.<\/a><br \/>\n<\/strong>. Wniosek jest pisany r\u0119cznie;<\/li>\n<li aria-level=\"1\">Akta osobowe lub o\u015bwiadczenie o utracie akt osobowych, aby\u015bmy mogli za\u0142o\u017cy\u0107 nowe;<\/li>\n<li aria-level=\"1\">Karta medyczna lub za\u015bwiadczenie o stanie zdrowia dziecka. Je\u015bli dziecko jest zdrowe, rodzice mog\u0105 napisa\u0107 o\u015bwiadczenie w dowolnej formie. Je\u015bli dziecko jest zwolnione z wychowania fizycznego, prosimy o dostarczenie zwolnienia lekarskiego.<\/li>\n<\/ol>\n<\/li>\n<\/ul>\n<\/div>\n\t\t\t\t<\/div>\n\t\t\t\t\t\t\t<div class=\"elementor-accordion-item\">\n\t\t\t\t\t<div id=\"elementor-tab-title-1626\" class=\"elementor-tab-title\" data-tab=\"6\" role=\"button\" aria-controls=\"elementor-tab-content-1626\" aria-expanded=\"false\">\n\t\t\t\t\t\t\t\t\t\t\t\t\t<span class=\"elementor-accordion-icon elementor-accordion-icon-left\" aria-hidden=\"true\">\n\t\t\t\t\t\t\t\t\t\t\t\t\t\t\t<span class=\"elementor-accordion-icon-closed\"><i class=\"fas fa-plus\"><\/i><\/span>\n\t\t\t\t\t\t\t\t<span class=\"elementor-accordion-icon-opened\"><i class=\"fas fa-minus\"><\/i><\/span>\n\t\t\t\t\t\t\t\t\t\t\t\t\t\t<\/span>\n\t\t\t\t\t\t\t\t\t\t\t\t<a class=\"elementor-accordion-title\" tabindex=\"0\">Kiedy tablety b\u0119d\u0105 dost\u0119pne? A dlaczego nie ma podr\u0119cznik\u00f3w?<\/a>\n\t\t\t\t\t<\/div>\n\t\t\t\t\t<div id=\"elementor-tab-content-1626\" class=\"elementor-tab-content elementor-clearfix\" data-tab=\"6\" role=\"region\" aria-labelledby=\"elementor-tab-title-1626\"><p>Nasza szko\u0142a jest wyposa\u017cona w tablety przez Fundusz Narod\u00f3w Zjednoczonych na Rzecz Dzieci (UNICEF). Tabletki wydawane s\u0105 na okres studi\u00f3w. UNICEF robi wszystko zgodnie z przepisami i jest zobowi\u0105zany do zainstalowania na ka\u017cdym urz\u0105dzeniu specjalnego oprogramowania zabezpieczaj\u0105cego. Gdy tylko tablety b\u0119d\u0105 gotowe, zostan\u0105 natychmiast dostarczone i rozpoczniemy z nimi prac\u0119.<\/p>\n<p><span style=\"font-weight: 400;\">Podr\u0119czniki b\u0119d\u0105 przeznaczone tylko dla szko\u0142y podstawowej. Wszyscy inni otrzymaj\u0105 tabletki. Tabletki s\u0105 tylko na czas szkolenia, po kt\u00f3rym trzeba b\u0119dzie je zwr\u00f3ci\u0107.<\/span><\/p>\n<\/div>\n\t\t\t\t<\/div>\n\t\t\t\t\t\t\t<div class=\"elementor-accordion-item\">\n\t\t\t\t\t<div id=\"elementor-tab-title-1627\" class=\"elementor-tab-title\" data-tab=\"7\" role=\"button\" aria-controls=\"elementor-tab-content-1627\" aria-expanded=\"false\">\n\t\t\t\t\t\t\t\t\t\t\t\t\t<span class=\"elementor-accordion-icon elementor-accordion-icon-left\" aria-hidden=\"true\">\n\t\t\t\t\t\t\t\t\t\t\t\t\t\t\t<span class=\"elementor-accordion-icon-closed\"><i class=\"fas fa-plus\"><\/i><\/span>\n\t\t\t\t\t\t\t\t<span class=\"elementor-accordion-icon-opened\"><i class=\"fas fa-minus\"><\/i><\/span>\n\t\t\t\t\t\t\t\t\t\t\t\t\t\t<\/span>\n\t\t\t\t\t\t\t\t\t\t\t\t<a class=\"elementor-accordion-title\" tabindex=\"0\">Czy musz\u0119 podda\u0107 si\u0119 badaniom lekarskim?<\/a>\n\t\t\t\t\t<\/div>\n\t\t\t\t\t<div id=\"elementor-tab-content-1627\" class=\"elementor-tab-content elementor-clearfix\" data-tab=\"7\" role=\"region\" aria-labelledby=\"elementor-tab-title-1627\"><p><span style=\"font-weight: 400;\">Rodzice b\u0119d\u0105 musieli dostarczy\u0107 dokument o stanie zdrowia dziecka. Jest to konieczne, aby w\u0142a\u015bciwie przydzieli\u0107 dziecku lekcje wychowania fizycznego (grupowe og\u00f3lne, uproszczone lub zwolnione z lekcji wychowania fizycznego) i nie zrobi\u0107 mu krzywdy. A tak\u017ce ostrzega\u0107, je\u015bli dziecko ma pewne problemy zdrowotne. Rodzice mog\u0105 ju\u017c mie\u0107 taki dokument w swoich r\u0119kach.<\/span><\/p>\n<\/div>\n\t\t\t\t<\/div>\n\t\t\t\t\t\t\t<div class=\"elementor-accordion-item\">\n\t\t\t\t\t<div id=\"elementor-tab-title-1628\" class=\"elementor-tab-title\" data-tab=\"8\" role=\"button\" aria-controls=\"elementor-tab-content-1628\" aria-expanded=\"false\">\n\t\t\t\t\t\t\t\t\t\t\t\t\t<span class=\"elementor-accordion-icon elementor-accordion-icon-left\" aria-hidden=\"true\">\n\t\t\t\t\t\t\t\t\t\t\t\t\t\t\t<span class=\"elementor-accordion-icon-closed\"><i class=\"fas fa-plus\"><\/i><\/span>\n\t\t\t\t\t\t\t\t<span class=\"elementor-accordion-icon-opened\"><i class=\"fas fa-minus\"><\/i><\/span>\n\t\t\t\t\t\t\t\t\t\t\t\t\t\t<\/span>\n\t\t\t\t\t\t\t\t\t\t\t\t<a class=\"elementor-accordion-title\" tabindex=\"0\">Czy w szkole b\u0119d\u0105 lekcje j\u0119zyka polskiego?<\/a>\n\t\t\t\t\t<\/div>\n\t\t\t\t\t<div id=\"elementor-tab-content-1628\" class=\"elementor-tab-content elementor-clearfix\" data-tab=\"8\" role=\"region\" aria-labelledby=\"elementor-tab-title-1628\"><p><span style=\"font-weight: 400;\">To konieczno\u015b\u0107! Uwielbiamy j\u0119zyk polski, musimy si\u0119 go uczy\u0107, bo jeste\u015bmy w Polsce. To jest szacunek dla kraju, kt\u00f3ry nas go\u015bci\u0142. J\u0119zyk polski b\u0119dzie studiowany dog\u0142\u0119bnie jako drugi j\u0119zyk obcy. J\u0119zyk angielski b\u0119dzie r\u00f3wnie\u017c studiowany dog\u0142\u0119bnie.<\/span><\/p>\n<\/div>\n\t\t\t\t<\/div>\n\t\t\t\t\t\t\t<div class=\"elementor-accordion-item\">\n\t\t\t\t\t<div id=\"elementor-tab-title-1629\" class=\"elementor-tab-title\" data-tab=\"9\" role=\"button\" aria-controls=\"elementor-tab-content-1629\" aria-expanded=\"false\">\n\t\t\t\t\t\t\t\t\t\t\t\t\t<span class=\"elementor-accordion-icon elementor-accordion-icon-left\" aria-hidden=\"true\">\n\t\t\t\t\t\t\t\t\t\t\t\t\t\t\t<span class=\"elementor-accordion-icon-closed\"><i class=\"fas fa-plus\"><\/i><\/span>\n\t\t\t\t\t\t\t\t<span class=\"elementor-accordion-icon-opened\"><i class=\"fas fa-minus\"><\/i><\/span>\n\t\t\t\t\t\t\t\t\t\t\t\t\t\t<\/span>\n\t\t\t\t\t\t\t\t\t\t\t\t<a class=\"elementor-accordion-title\" tabindex=\"0\">Ile miejsc jest w ka\u017cdej klasie?<\/a>\n\t\t\t\t\t<\/div>\n\t\t\t\t\t<div id=\"elementor-tab-content-1629\" class=\"elementor-tab-content elementor-clearfix\" data-tab=\"9\" role=\"region\" aria-labelledby=\"elementor-tab-title-1629\"><p><span style=\"font-weight: 400;\">Obecnie zapisujemy od 22 do 28 dzieci na zaj\u0119cia. Nie wi\u0119cej.  <\/span><span style=\"font-weight: 400;\">Istniej\u0105 dwie r\u00f3wnoleg\u0142e klasy &#8211; A i B.<\/span><\/p>\n<\/div>\n\t\t\t\t<\/div>\n\t\t\t\t\t\t\t<div class=\"elementor-accordion-item\">\n\t\t\t\t\t<div id=\"elementor-tab-title-16210\" class=\"elementor-tab-title\" data-tab=\"10\" role=\"button\" aria-controls=\"elementor-tab-content-16210\" aria-expanded=\"false\">\n\t\t\t\t\t\t\t\t\t\t\t\t\t<span class=\"elementor-accordion-icon elementor-accordion-icon-left\" aria-hidden=\"true\">\n\t\t\t\t\t\t\t\t\t\t\t\t\t\t\t<span class=\"elementor-accordion-icon-closed\"><i class=\"fas fa-plus\"><\/i><\/span>\n\t\t\t\t\t\t\t\t<span class=\"elementor-accordion-icon-opened\"><i class=\"fas fa-minus\"><\/i><\/span>\n\t\t\t\t\t\t\t\t\t\t\t\t\t\t<\/span>\n\t\t\t\t\t\t\t\t\t\t\t\t<a class=\"elementor-accordion-title\" tabindex=\"0\">Nie chcemy bra\u0107 dokument\u00f3w z naszej poprzedniej szko\u0142y, czy przyjmiecie nas?<\/a>\n\t\t\t\t\t<\/div>\n\t\t\t\t\t<div id=\"elementor-tab-content-16210\" class=\"elementor-tab-content elementor-clearfix\" data-tab=\"10\" role=\"region\" aria-labelledby=\"elementor-tab-title-16210\"><p><span style=\"font-weight: 400;\">Niestety, nie jest to mo\u017cliwe. Je\u015bli chcesz studiowa\u0107 na  <\/span><span style=\"font-weight: 400;\">&#8220;Pierwsza ukrai\u0144ska szko\u0142a<\/span><span style=\"font-weight: 400;\">  &#8211; musisz zrezygnowa\u0107 z poprzedniej szko\u0142y. Ukrai\u0144skie ustawodawstwo gwarantuje dziecku prawo do bezp\u0142atnej nauki w jednej szkole. Nie ma mo\u017cliwo\u015bci bycia zarejestrowanym w kilku plac\u00f3wkach o\u015bwiatowych jednocze\u015bnie.  <\/span><\/p>\n<\/div>\n\t\t\t\t<\/div>\n\t\t\t\t\t\t\t<div class=\"elementor-accordion-item\">\n\t\t\t\t\t<div id=\"elementor-tab-title-16211\" class=\"elementor-tab-title\" data-tab=\"11\" role=\"button\" aria-controls=\"elementor-tab-content-16211\" aria-expanded=\"false\">\n\t\t\t\t\t\t\t\t\t\t\t\t\t<span class=\"elementor-accordion-icon elementor-accordion-icon-left\" aria-hidden=\"true\">\n\t\t\t\t\t\t\t\t\t\t\t\t\t\t\t<span class=\"elementor-accordion-icon-closed\"><i class=\"fas fa-plus\"><\/i><\/span>\n\t\t\t\t\t\t\t\t<span class=\"elementor-accordion-icon-opened\"><i class=\"fas fa-minus\"><\/i><\/span>\n\t\t\t\t\t\t\t\t\t\t\t\t\t\t<\/span>\n\t\t\t\t\t\t\t\t\t\t\t\t<a class=\"elementor-accordion-title\" tabindex=\"0\">Czy wsp\u00f3\u0142pracuj\u0105 Pa\u0144stwo z Gimnazjum w Zaporo\u017cu?<\/a>\n\t\t\t\t\t<\/div>\n\t\t\t\t\t<div id=\"elementor-tab-content-16211\" class=\"elementor-tab-content elementor-clearfix\" data-tab=\"11\" role=\"region\" aria-labelledby=\"elementor-tab-title-16211\"><p><span style=\"font-weight: 400;\">Tak, pracowali\u015bmy razem w poprzednim semestrze. W czerwcu 2022 roku podpisa\u0142y one memorandum o wsp\u00f3\u0142pracy. Ma to na celu zapewnienie, \u017ce dzieci s\u0105 oficjalnie zapisane do zaporoskiego gimnazjum i otrzymuj\u0105 testy i karty raportowe na koniec roku &#8211; aby zapewni\u0107 prawdziwie nieprzerwan\u0105 ukrai\u0144sk\u0105 edukacj\u0119.  <\/span><span style=\"font-weight: 400;\"><br \/><\/span><span style=\"font-weight: 400;\">Je\u015bli po wygranej wr\u00f3cicie do swoich szk\u00f3\u0142 na Ukrainie, wasze dzieci nie b\u0119d\u0105 musia\u0142y zdawa\u0107 \u017cadnych egzamin\u00f3w.  <\/span><span style=\"font-weight: 400;\"><br \/><\/span><span style=\"font-weight: 400;\">W zesz\u0142ym semestrze nie mieli\u015bmy jeszcze w\u0142asnej licencji. Teraz ju\u017c tak.<\/span><span style=\"font-weight: 400;\"><br \/><\/span><span style=\"font-weight: 400;\">24 sierpnia 2022 roku otrzymali\u015bmy od pa\u0144stwa Ukrainy w\u0142asn\u0105 licencj\u0119 na prowadzenie dzia\u0142alno\u015bci edukacyjnej na poziomie pe\u0142nej \u015bredniej szko\u0142y og\u00f3lnokszta\u0142c\u0105cej, w zakresie edukacji pozaszkolnej oraz na poziomie edukacji przedszkolnej. Od tej pory jeste\u015bmy oficjalnie niezale\u017cni. Nasza dzia\u0142alno\u015b\u0107 jest uznana przez Ministerstwo Edukacji i Nauki, b\u0119dziemy mogli wystawia\u0107 oficjalne dokumenty pa\u0144stwowe z mokrymi piecz\u0119ciami fundacji. Wsp\u00f3\u0142praca z Gimnazjum w Zaporo\u017cu b\u0119dzie kontynuowana, ale b\u0119dzie ograniczona.<\/span><\/p>\n<\/div>\n\t\t\t\t<\/div>\n\t\t\t\t\t\t\t<div class=\"elementor-accordion-item\">\n\t\t\t\t\t<div id=\"elementor-tab-title-16212\" class=\"elementor-tab-title\" data-tab=\"12\" role=\"button\" aria-controls=\"elementor-tab-content-16212\" aria-expanded=\"false\">\n\t\t\t\t\t\t\t\t\t\t\t\t\t<span class=\"elementor-accordion-icon elementor-accordion-icon-left\" aria-hidden=\"true\">\n\t\t\t\t\t\t\t\t\t\t\t\t\t\t\t<span class=\"elementor-accordion-icon-closed\"><i class=\"fas fa-plus\"><\/i><\/span>\n\t\t\t\t\t\t\t\t<span class=\"elementor-accordion-icon-opened\"><i class=\"fas fa-minus\"><\/i><\/span>\n\t\t\t\t\t\t\t\t\t\t\t\t\t\t<\/span>\n\t\t\t\t\t\t\t\t\t\t\t\t<a class=\"elementor-accordion-title\" tabindex=\"0\">  Czy posiadaj\u0105 Pa\u0144stwo uprawnienia do prowadzenia dzia\u0142alno\u015bci edukacyjnej?<\/a>\n\t\t\t\t\t<\/div>\n\t\t\t\t\t<div id=\"elementor-tab-content-16212\" class=\"elementor-tab-content elementor-clearfix\" data-tab=\"12\" role=\"region\" aria-labelledby=\"elementor-tab-title-16212\"><p><span style=\"font-weight: 400;\">Tak. 24 sierpnia 2022 roku otrzymali\u015bmy pa\u0144stwow\u0105 licencj\u0119 na prowadzenie dzia\u0142alno\u015bci edukacyjnej na Ukrainie:<\/span><\/p>\n<p><span style=\"font-weight: 400;\">\u2014 na poziomie pe\u0142nego wykszta\u0142cenia \u015bredniego og\u00f3lnokszta\u0142c\u0105cego;<br \/><\/span> <span style=\"font-weight: 400;\">\u2014 na poziomie wychowania przedszkolnego<br \/><\/span> <span style=\"font-weight: 400;\">\u2014 w zakresie edukacji pozaszkolnej;<\/span><\/p>\n<p><span style=\"font-weight: 400;\">Oznacza to, \u017ce pracujemy oficjalnie, a pa\u0144stwo i Ministerstwo Edukacji i Kultury doceniaj\u0105 nasze dzia\u0142ania. B\u0119dziemy mogli sami wystawia\u0107 dokumenty pa\u0144stwowe. Nasze piecz\u0119cie b\u0119d\u0105 na nich.<\/span><\/p>\n<p><span style=\"font-weight: 400;\">Dyrektorem naszej szko\u0142y zosta\u0142a Olena Pawlenko. Ma prawie 20-letnie do\u015bwiadczenie pedagogiczne, przez 10 lat kierowa\u0142a Wydzia\u0142em Nauki i Innowacji na Wydziale Edukacji i Nauki w Kijowie, a przez ostatnie 6 lat by\u0142a kierownikiem Mi\u0119dzynarodowego Liceum IAPM.<\/span><\/p>\n<\/div>\n\t\t\t\t<\/div>\n\t\t\t\t\t\t\t<div class=\"elementor-accordion-item\">\n\t\t\t\t\t<div id=\"elementor-tab-title-16213\" class=\"elementor-tab-title\" data-tab=\"13\" role=\"button\" aria-controls=\"elementor-tab-content-16213\" aria-expanded=\"false\">\n\t\t\t\t\t\t\t\t\t\t\t\t\t<span class=\"elementor-accordion-icon elementor-accordion-icon-left\" aria-hidden=\"true\">\n\t\t\t\t\t\t\t\t\t\t\t\t\t\t\t<span class=\"elementor-accordion-icon-closed\"><i class=\"fas fa-plus\"><\/i><\/span>\n\t\t\t\t\t\t\t\t<span class=\"elementor-accordion-icon-opened\"><i class=\"fas fa-minus\"><\/i><\/span>\n\t\t\t\t\t\t\t\t\t\t\t\t\t\t<\/span>\n\t\t\t\t\t\t\t\t\t\t\t\t<a class=\"elementor-accordion-title\" tabindex=\"0\">Co zrobi\u0107, gdy rodzic\u00f3w dziecka nie ma w Polsce, ale jest opiekun?<\/a>\n\t\t\t\t\t<\/div>\n\t\t\t\t\t<div id=\"elementor-tab-content-16213\" class=\"elementor-tab-content elementor-clearfix\" data-tab=\"13\" role=\"region\" aria-labelledby=\"elementor-tab-title-16213\"><p><span style=\"font-weight: 400;\">Napisz wniosek w standardowy spos\u00f3b, w kolumnie z informacjami o rodzicach &#8211; wska\u017c informacje o rodzicach. Natomiast opiekun powinien podpisa\u0107 si\u0119 na dole, dodaj\u0105c swoje pe\u0142ne imi\u0119 i nazwisko. W formacie: Szewczenko T.G. (podpis). Dodatkowo do pisma trzeba b\u0119dzie do\u0142\u0105czy\u0107 oficjalne potwierdzenie sprawowania opieki: mo\u017ce to by\u0107 orzeczenie polskiego s\u0105du lub komisji.<\/span><\/p>\n<\/div>\n\t\t\t\t<\/div>\n\t\t\t\t\t\t\t<div class=\"elementor-accordion-item\">\n\t\t\t\t\t<div id=\"elementor-tab-title-16214\" class=\"elementor-tab-title\" data-tab=\"14\" role=\"button\" aria-controls=\"elementor-tab-content-16214\" aria-expanded=\"false\">\n\t\t\t\t\t\t\t\t\t\t\t\t\t<span class=\"elementor-accordion-icon elementor-accordion-icon-left\" aria-hidden=\"true\">\n\t\t\t\t\t\t\t\t\t\t\t\t\t\t\t<span class=\"elementor-accordion-icon-closed\"><i class=\"fas fa-plus\"><\/i><\/span>\n\t\t\t\t\t\t\t\t<span class=\"elementor-accordion-icon-opened\"><i class=\"fas fa-minus\"><\/i><\/span>\n\t\t\t\t\t\t\t\t\t\t\t\t\t\t<\/span>\n\t\t\t\t\t\t\t\t\t\t\t\t<a class=\"elementor-accordion-title\" tabindex=\"0\">Kiedy jest opieka nad dzie\u0107mi po szkole? Zaj\u0119cia przygotowawcze? Zeruvka.<\/a>\n\t\t\t\t\t<\/div>\n\t\t\t\t\t<div id=\"elementor-tab-content-16214\" class=\"elementor-tab-content elementor-clearfix\" data-tab=\"14\" role=\"region\" aria-labelledby=\"elementor-tab-title-16214\"><p><span style=\"font-weight: 400;\">Wprowadzamy wszystkie innowacje po kolei. \u015aled\u017a nas na mediach spo\u0142eczno\u015bciowych i w dziale Aktualno\u015bci na naszej stronie.<\/span><\/p>\n<\/div>\n\t\t\t\t<\/div>\n\t\t\t\t\t\t\t<div class=\"elementor-accordion-item\">\n\t\t\t\t\t<div id=\"elementor-tab-title-16215\" class=\"elementor-tab-title\" data-tab=\"15\" role=\"button\" aria-controls=\"elementor-tab-content-16215\" aria-expanded=\"false\">\n\t\t\t\t\t\t\t\t\t\t\t\t\t<span class=\"elementor-accordion-icon elementor-accordion-icon-left\" aria-hidden=\"true\">\n\t\t\t\t\t\t\t\t\t\t\t\t\t\t\t<span class=\"elementor-accordion-icon-closed\"><i class=\"fas fa-plus\"><\/i><\/span>\n\t\t\t\t\t\t\t\t<span class=\"elementor-accordion-icon-opened\"><i class=\"fas fa-minus\"><\/i><\/span>\n\t\t\t\t\t\t\t\t\t\t\t\t\t\t<\/span>\n\t\t\t\t\t\t\t\t\t\t\t\t<a class=\"elementor-accordion-title\" tabindex=\"0\">Czy ta szko\u0142a wydaje dokument uprawniaj\u0105cy dziecko do preferencyjnych przejazd\u00f3w transportowych? Czy b\u0119dzie polska legitymizacja?<\/a>\n\t\t\t\t\t<\/div>\n\t\t\t\t\t<div id=\"elementor-tab-content-16215\" class=\"elementor-tab-content elementor-clearfix\" data-tab=\"15\" role=\"region\" aria-labelledby=\"elementor-tab-title-16215\"><p><span style=\"font-weight: 400;\">Nie b\u0119dzie polskiej legitymizacji. Jeste\u015bmy ukrai\u0144sk\u0105 szko\u0142\u0105 dzia\u0142aj\u0105c\u0105 w Polsce. Nie mo\u017cemy wystawia\u0107 takich dokument\u00f3w, to tylko dla polskich szk\u00f3\u0142.<\/span><\/p>\n<\/div>\n\t\t\t\t<\/div>\n\t\t\t\t\t\t\t<div class=\"elementor-accordion-item\">\n\t\t\t\t\t<div id=\"elementor-tab-title-16216\" class=\"elementor-tab-title\" data-tab=\"16\" role=\"button\" aria-controls=\"elementor-tab-content-16216\" aria-expanded=\"false\">\n\t\t\t\t\t\t\t\t\t\t\t\t\t<span class=\"elementor-accordion-icon elementor-accordion-icon-left\" aria-hidden=\"true\">\n\t\t\t\t\t\t\t\t\t\t\t\t\t\t\t<span class=\"elementor-accordion-icon-closed\"><i class=\"fas fa-plus\"><\/i><\/span>\n\t\t\t\t\t\t\t\t<span class=\"elementor-accordion-icon-opened\"><i class=\"fas fa-minus\"><\/i><\/span>\n\t\t\t\t\t\t\t\t\t\t\t\t\t\t<\/span>\n\t\t\t\t\t\t\t\t\t\t\t\t<a class=\"elementor-accordion-title\" tabindex=\"0\">Czy planujecie Pa\u0144stwo zapewni\u0107 transport dla os\u00f3b, kt\u00f3re maj\u0105 d\u0142ugi dojazd do pracy?<\/a>\n\t\t\t\t\t<\/div>\n\t\t\t\t\t<div id=\"elementor-tab-content-16216\" class=\"elementor-tab-content elementor-clearfix\" data-tab=\"16\" role=\"region\" aria-labelledby=\"elementor-tab-title-16216\"><p>Je\u015bli szko\u0142a znajduje si\u0119 w samym centrum miasta i ma dogodne po\u0142\u0105czenia komunikacyjne, to nie. Niestety, obiektywnie niemo\u017cliwe jest, aby ka\u017cdy mia\u0142 dogodny dojazd do pracy i szko\u0142\u0119 w pobli\u017cu swojego domu. W ka\u017cdym z du\u017cych miast mamy tylko jedn\u0105 szko\u0142\u0119. S\u0105 one ca\u0142kowicie bezp\u0142atne dla rodzic\u00f3w, ale przez to mniejsza ilo\u015b\u0107 &#8220;us\u0142ug&#8221; jest \u015bwiadczona. Postaramy si\u0119 jednak, aby nasi uczniowie podr\u00f3\u017cowali bezp\u0142atnie.<\/p>\n<\/div>\n\t\t\t\t<\/div>\n\t\t\t\t\t\t\t<div class=\"elementor-accordion-item\">\n\t\t\t\t\t<div id=\"elementor-tab-title-16217\" class=\"elementor-tab-title\" data-tab=\"17\" role=\"button\" aria-controls=\"elementor-tab-content-16217\" aria-expanded=\"false\">\n\t\t\t\t\t\t\t\t\t\t\t\t\t<span class=\"elementor-accordion-icon elementor-accordion-icon-left\" aria-hidden=\"true\">\n\t\t\t\t\t\t\t\t\t\t\t\t\t\t\t<span class=\"elementor-accordion-icon-closed\"><i class=\"fas fa-plus\"><\/i><\/span>\n\t\t\t\t\t\t\t\t<span class=\"elementor-accordion-icon-opened\"><i class=\"fas fa-minus\"><\/i><\/span>\n\t\t\t\t\t\t\t\t\t\t\t\t\t\t<\/span>\n\t\t\t\t\t\t\t\t\t\t\t\t<a class=\"elementor-accordion-title\" tabindex=\"0\">Czy ta szko\u0142a jest p\u0142atna? Ile kosztuj\u0105 studia?<\/a>\n\t\t\t\t\t<\/div>\n\t\t\t\t\t<div id=\"elementor-tab-content-16217\" class=\"elementor-tab-content elementor-clearfix\" data-tab=\"17\" role=\"region\" aria-labelledby=\"elementor-tab-title-16217\"><p>Bezp\u0142atnie! Szko\u0142a ta powsta\u0142a w celu zapewnienia ci\u0105g\u0142ej, wysokiej jako\u015bci edukacji dla ewakuowanych dzieci z Ukrainy. Wszystko za darmo i z du\u017c\u0105 ilo\u015bci\u0105 prezent\u00f3w. \u015arodki pochodz\u0105 od darczy\u0144c\u00f3w &#8211; Funduszu Narod\u00f3w Zjednoczonych na rzecz Dzieci oraz organizacji Save the Children. Zesp\u00f3\u0142 fundacji jest ukrai\u0144ski. Prezesem jest Wiktoria Gnap.<\/p>\n<\/div>\n\t\t\t\t<\/div>\n\t\t\t\t\t\t\t<div class=\"elementor-accordion-item\">\n\t\t\t\t\t<div id=\"elementor-tab-title-16218\" class=\"elementor-tab-title\" data-tab=\"18\" role=\"button\" aria-controls=\"elementor-tab-content-16218\" aria-expanded=\"false\">\n\t\t\t\t\t\t\t\t\t\t\t\t\t<span class=\"elementor-accordion-icon elementor-accordion-icon-left\" aria-hidden=\"true\">\n\t\t\t\t\t\t\t\t\t\t\t\t\t\t\t<span class=\"elementor-accordion-icon-closed\"><i class=\"fas fa-plus\"><\/i><\/span>\n\t\t\t\t\t\t\t\t<span class=\"elementor-accordion-icon-opened\"><i class=\"fas fa-minus\"><\/i><\/span>\n\t\t\t\t\t\t\t\t\t\t\t\t\t\t<\/span>\n\t\t\t\t\t\t\t\t\t\t\t\t<a class=\"elementor-accordion-title\" tabindex=\"0\">Czy w szkole obowi\u0105zuje mundurek?<\/a>\n\t\t\t\t\t<\/div>\n\t\t\t\t\t<div id=\"elementor-tab-content-16218\" class=\"elementor-tab-content elementor-clearfix\" data-tab=\"18\" role=\"region\" aria-labelledby=\"elementor-tab-title-16218\"><p>Nie, jeste\u015bmy za swobod\u0105 wypowiedzi dzieci. Oczekujemy jednak, \u017ce dzieci b\u0119d\u0105 ubrane schludnie i odpowiednio. Nie bluzy z kapturem, ale koszulki, nie dresy, ale spodnie, nie trampki, ale buty.<\/p>\n<\/div>\n\t\t\t\t<\/div>\n\t\t\t\t\t\t\t<div class=\"elementor-accordion-item\">\n\t\t\t\t\t<div id=\"elementor-tab-title-16219\" class=\"elementor-tab-title\" data-tab=\"19\" role=\"button\" aria-controls=\"elementor-tab-content-16219\" aria-expanded=\"false\">\n\t\t\t\t\t\t\t\t\t\t\t\t\t<span class=\"elementor-accordion-icon elementor-accordion-icon-left\" aria-hidden=\"true\">\n\t\t\t\t\t\t\t\t\t\t\t\t\t\t\t<span class=\"elementor-accordion-icon-closed\"><i class=\"fas fa-plus\"><\/i><\/span>\n\t\t\t\t\t\t\t\t<span class=\"elementor-accordion-icon-opened\"><i class=\"fas fa-minus\"><\/i><\/span>\n\t\t\t\t\t\t\t\t\t\t\t\t\t\t<\/span>\n\t\t\t\t\t\t\t\t\t\t\t\t<a class=\"elementor-accordion-title\" tabindex=\"0\">Czy odej\u015bcie od starej szko\u0142y jest konieczne?<\/a>\n\t\t\t\t\t<\/div>\n\t\t\t\t\t<div id=\"elementor-tab-content-16219\" class=\"elementor-tab-content elementor-clearfix\" data-tab=\"19\" role=\"region\" aria-labelledby=\"elementor-tab-title-16219\"><p><span style=\"font-weight: 400;\">Tak, b\u0119dziemy. Je\u015bli chcesz uczy\u0107 si\u0119 w Pierwszej Ukrai\u0144skiej Szkole, musisz opu\u015bci\u0107 swoj\u0105 poprzedni\u0105 szko\u0142\u0119. Po pierwsze, ustawodawstwo ukrai\u0144skie gwarantuje dziecku prawo do bezp\u0142atnej nauki w jednej szkole. Nie ma mo\u017cliwo\u015bci bycia zarejestrowanym w kilku plac\u00f3wkach o\u015bwiatowych jednocze\u015bnie.  <\/span><span style=\"font-weight: 400;\"><br \/><\/span><span style=\"font-weight: 400;\">Po drugie, Ukraina ma Jednolity Rejestr Edukacyjny, kt\u00f3ry \u015bledzi zapisanych uczni\u00f3w wed\u0142ug szk\u00f3\u0142. Konieczne jest wydanie wymaganej liczby dokument\u00f3w edukacyjnych (\u015bwiadectw uko\u0144czenia szko\u0142y podstawowej i pe\u0142nej \u015bredniej). Je\u015bli oka\u017ce si\u0119, \u017ce dziecko jest zapisane jednocze\u015bnie do DW\u00d3CH plac\u00f3wek edukacyjnych (np. do naszej szko\u0142y w Polsce i do swojej rodzimej szko\u0142y na Ukrainie), to w przypadku takiego podw\u00f3jnego zapisu, dziecko zostanie zablokowane w rejestrze, a nast\u0119pnie nie b\u0119dzie mog\u0142o nigdzie uzyska\u0107 dokumentu edukacyjnego.  <\/span><span style=\"font-weight: 400;\"><br \/><\/span><span style=\"font-weight: 400;\">Dostarczymy Ci za\u015bwiadczenie o zapisie gwarantuj\u0105ce miejsce u nas i z nim kontaktujesz si\u0119 z poprzedni\u0105 szko\u0142\u0105 w celu rezygnacji.<\/span><span style=\"font-weight: 400;\"><br \/><\/span><span style=\"font-weight: 400;\">P\u00f3\u017aniej, gdy wr\u00f3c\u0105 na Ukrain\u0119, bez problemu b\u0119d\u0105 mogli wznowi\u0107 nauk\u0119 w ka\u017cdej ukrai\u0144skiej szkole, bo b\u0119d\u0105 si\u0119 uczy\u0107 wed\u0142ug ukrai\u0144skiego programu nauczania, wszystkie przedmioty b\u0119d\u0105 stacjonarne, nie b\u0119d\u0105 musieli zdawa\u0107 \u017cadnych egzamin\u00f3w.<\/span><\/p>\n<\/div>\n\t\t\t\t<\/div>\n\t\t\t\t\t\t\t<div class=\"elementor-accordion-item\">\n\t\t\t\t\t<div id=\"elementor-tab-title-16220\" class=\"elementor-tab-title\" data-tab=\"20\" role=\"button\" aria-controls=\"elementor-tab-content-16220\" aria-expanded=\"false\">\n\t\t\t\t\t\t\t\t\t\t\t\t\t<span class=\"elementor-accordion-icon elementor-accordion-icon-left\" aria-hidden=\"true\">\n\t\t\t\t\t\t\t\t\t\t\t\t\t\t\t<span class=\"elementor-accordion-icon-closed\"><i class=\"fas fa-plus\"><\/i><\/span>\n\t\t\t\t\t\t\t\t<span class=\"elementor-accordion-icon-opened\"><i class=\"fas fa-minus\"><\/i><\/span>\n\t\t\t\t\t\t\t\t\t\t\t\t\t\t<\/span>\n\t\t\t\t\t\t\t\t\t\t\t\t<a class=\"elementor-accordion-title\" tabindex=\"0\">Czy w szkole b\u0119d\u0105 posi\u0142ki?<\/a>\n\t\t\t\t\t<\/div>\n\t\t\t\t\t<div id=\"elementor-tab-content-16220\" class=\"elementor-tab-content elementor-clearfix\" data-tab=\"20\" role=\"region\" aria-labelledby=\"elementor-tab-title-16220\"><p>Tak, b\u0119dzie.  <\/p>\n<\/div>\n\t\t\t\t<\/div>\n\t\t\t\t\t\t\t<div class=\"elementor-accordion-item\">\n\t\t\t\t\t<div id=\"elementor-tab-title-16221\" class=\"elementor-tab-title\" data-tab=\"21\" role=\"button\" aria-controls=\"elementor-tab-content-16221\" aria-expanded=\"false\">\n\t\t\t\t\t\t\t\t\t\t\t\t\t<span class=\"elementor-accordion-icon elementor-accordion-icon-left\" aria-hidden=\"true\">\n\t\t\t\t\t\t\t\t\t\t\t\t\t\t\t<span class=\"elementor-accordion-icon-closed\"><i class=\"fas fa-plus\"><\/i><\/span>\n\t\t\t\t\t\t\t\t<span class=\"elementor-accordion-icon-opened\"><i class=\"fas fa-minus\"><\/i><\/span>\n\t\t\t\t\t\t\t\t\t\t\t\t\t\t<\/span>\n\t\t\t\t\t\t\t\t\t\t\t\t<a class=\"elementor-accordion-title\" tabindex=\"0\">Czy dzieci musz\u0105 zmienia\u0107 buty w szkole?<\/a>\n\t\t\t\t\t<\/div>\n\t\t\t\t\t<div id=\"elementor-tab-content-16221\" class=\"elementor-tab-content elementor-clearfix\" data-tab=\"21\" role=\"region\" aria-labelledby=\"elementor-tab-title-16221\"><p>To zale\u017cy od pod\u0142ogi w szkole. Je\u015bli jest wy\u0142o\u017cona wyk\u0142adzin\u0105 (jak w szkole w Warszawie), to tak, trzeba zmieni\u0107 buty, \u017ceby zachowa\u0107 wymagany poziom czysto\u015bci. Je\u015bli w szkole nie ma wyk\u0142adziny (jak w Krakowie), nie ma potrzeby zmiany obuwia.<\/p>\n<\/div>\n\t\t\t\t<\/div>\n\t\t\t\t\t\t\t<div class=\"elementor-accordion-item\">\n\t\t\t\t\t<div id=\"elementor-tab-title-16222\" class=\"elementor-tab-title\" data-tab=\"22\" role=\"button\" aria-controls=\"elementor-tab-content-16222\" aria-expanded=\"false\">\n\t\t\t\t\t\t\t\t\t\t\t\t\t<span class=\"elementor-accordion-icon elementor-accordion-icon-left\" aria-hidden=\"true\">\n\t\t\t\t\t\t\t\t\t\t\t\t\t\t\t<span class=\"elementor-accordion-icon-closed\"><i class=\"fas fa-plus\"><\/i><\/span>\n\t\t\t\t\t\t\t\t<span class=\"elementor-accordion-icon-opened\"><i class=\"fas fa-minus\"><\/i><\/span>\n\t\t\t\t\t\t\t\t\t\t\t\t\t\t<\/span>\n\t\t\t\t\t\t\t\t\t\t\t\t<a class=\"elementor-accordion-title\" tabindex=\"0\">Czy b\u0119dzie certyfikat, kt\u00f3ry oficjalnie potwierdzi Twoj\u0105 nauk\u0119 w tej szkole?<\/a>\n\t\t\t\t\t<\/div>\n\t\t\t\t\t<div id=\"elementor-tab-content-16222\" class=\"elementor-tab-content elementor-clearfix\" data-tab=\"22\" role=\"region\" aria-labelledby=\"elementor-tab-title-16222\"><p><span style=\"font-weight: 400;\">Tak, b\u0119dzie. Posiadamy w\u0142asn\u0105 licencj\u0119 i wystawimy wszystkie oficjalne certyfikaty. B\u0119dziesz m\u00f3g\u0142 je z\u0142o\u017cy\u0107 w swoich macierzystych szko\u0142ach ukrai\u0144skich, aby uzyska\u0107 za\u015bwiadczenie o odst\u0105pieniu od umowy. B\u0119dzie to mia\u0142o miejsce po zako\u0144czeniu kampanii przyjmowania zg\u0142osze\u0144.<\/span><\/p>\n<\/div>\n\t\t\t\t<\/div>\n\t\t\t\t\t\t\t<div class=\"elementor-accordion-item\">\n\t\t\t\t\t<div id=\"elementor-tab-title-16223\" class=\"elementor-tab-title\" data-tab=\"23\" role=\"button\" aria-controls=\"elementor-tab-content-16223\" aria-expanded=\"false\">\n\t\t\t\t\t\t\t\t\t\t\t\t\t<span class=\"elementor-accordion-icon elementor-accordion-icon-left\" aria-hidden=\"true\">\n\t\t\t\t\t\t\t\t\t\t\t\t\t\t\t<span class=\"elementor-accordion-icon-closed\"><i class=\"fas fa-plus\"><\/i><\/span>\n\t\t\t\t\t\t\t\t<span class=\"elementor-accordion-icon-opened\"><i class=\"fas fa-minus\"><\/i><\/span>\n\t\t\t\t\t\t\t\t\t\t\t\t\t\t<\/span>\n\t\t\t\t\t\t\t\t\t\t\t\t<a class=\"elementor-accordion-title\" tabindex=\"0\">Czy powstanie program szkoleniowy \"Intelekt Ukrainy\"? (Lub jakikolwiek inny).<\/a>\n\t\t\t\t\t<\/div>\n\t\t\t\t\t<div id=\"elementor-tab-content-16223\" class=\"elementor-tab-content elementor-clearfix\" data-tab=\"23\" role=\"region\" aria-labelledby=\"elementor-tab-title-16223\"><p><span style=\"font-weight: 400;\">Nie, program jest standardowy. Zgodnie z podstawowym wykszta\u0142ceniem \u015brednim z pog\u0142\u0119bion\u0105 nauk\u0105 j\u0119zyka angielskiego i polskiego jako drugiego j\u0119zyka obcego.  <\/span><\/p>\n<\/div>\n\t\t\t\t<\/div>\n\t\t\t\t\t\t\t<div class=\"elementor-accordion-item\">\n\t\t\t\t\t<div id=\"elementor-tab-title-16224\" class=\"elementor-tab-title\" data-tab=\"24\" role=\"button\" aria-controls=\"elementor-tab-content-16224\" aria-expanded=\"false\">\n\t\t\t\t\t\t\t\t\t\t\t\t\t<span class=\"elementor-accordion-icon elementor-accordion-icon-left\" aria-hidden=\"true\">\n\t\t\t\t\t\t\t\t\t\t\t\t\t\t\t<span class=\"elementor-accordion-icon-closed\"><i class=\"fas fa-plus\"><\/i><\/span>\n\t\t\t\t\t\t\t\t<span class=\"elementor-accordion-icon-opened\"><i class=\"fas fa-minus\"><\/i><\/span>\n\t\t\t\t\t\t\t\t\t\t\t\t\t\t<\/span>\n\t\t\t\t\t\t\t\t\t\t\t\t<a class=\"elementor-accordion-title\" tabindex=\"0\">Czy macie Pa\u0144stwo jakie\u015b wolne miejsca w szko\u0142ach?<\/a>\n\t\t\t\t\t<\/div>\n\t\t\t\t\t<div id=\"elementor-tab-content-16224\" class=\"elementor-tab-content elementor-clearfix\" data-tab=\"24\" role=\"region\" aria-labelledby=\"elementor-tab-title-16224\"><p>Dzi\u0119kujemy za zwr\u00f3cenie uwagi na nasz\u0105 szko\u0142\u0119. Nie ma jeszcze wolnych miejsc, ale mo\u017cemy zaproponowa\u0107 Ci zarejestrowanie si\u0119 jako nauczyciel poprzez nasz <a href=\"https:\/\/docs.google.com\/forms\/d\/e\/1FAIpQLSdJ2nTBFSZDIH4yHqDfPQJiUcwyWZhj-V_BRye6Ntlxz41Usw\/viewform\"><br \/>\n  <strong>formularz zg\u0142oszeniowy<\/strong><br \/>\n<\/a>. Nast\u0119pnie skontaktujemy si\u0119 z Tob\u0105, je\u015bli b\u0119dziemy mieli odpowiednie wolne miejsca. Na wypadek, gdyby\u015b go jeszcze potrzebowa\u0142.<\/p>\n<\/div>\n\t\t\t\t<\/div>\n\t\t\t\t\t\t\t<div class=\"elementor-accordion-item\">\n\t\t\t\t\t<div id=\"elementor-tab-title-16225\" class=\"elementor-tab-title\" data-tab=\"25\" role=\"button\" aria-controls=\"elementor-tab-content-16225\" aria-expanded=\"false\">\n\t\t\t\t\t\t\t\t\t\t\t\t\t<span class=\"elementor-accordion-icon elementor-accordion-icon-left\" aria-hidden=\"true\">\n\t\t\t\t\t\t\t\t\t\t\t\t\t\t\t<span class=\"elementor-accordion-icon-closed\"><i class=\"fas fa-plus\"><\/i><\/span>\n\t\t\t\t\t\t\t\t<span class=\"elementor-accordion-icon-opened\"><i class=\"fas fa-minus\"><\/i><\/span>\n\t\t\t\t\t\t\t\t\t\t\t\t\t\t<\/span>\n\t\t\t\t\t\t\t\t\t\t\t\t<a class=\"elementor-accordion-title\" tabindex=\"0\">Czy szko\u0142a przyjmuje dzieci ze specjalnymi potrzebami?<\/a>\n\t\t\t\t\t<\/div>\n\t\t\t\t\t<div id=\"elementor-tab-content-16225\" class=\"elementor-tab-content elementor-clearfix\" data-tab=\"25\" role=\"region\" aria-labelledby=\"elementor-tab-title-16225\"><p><span style=\"font-weight: 400;\">Do tej pory dzieci ze specjalnymi potrzebami nie ucz\u0105 si\u0119 w naszej szkole, poniewa\u017c nie dysponujemy wyspecjalizowan\u0105 kadr\u0105 i wychowawcami i nie mo\u017cemy zapewni\u0107 takim dzieciom wszystkich potrzebnych im warunk\u00f3w. Ale pracujemy nad tym i podj\u0119li\u015bmy ju\u017c pewne kroki, aby rozwi\u0105za\u0107 ten problem, poniewa\u017c jeste\u015bmy przekonani, \u017ce wszystkie dzieci powinny mie\u0107 r\u00f3wny dost\u0119p do edukacji.<\/span><\/p>\n<\/div>\n\t\t\t\t<\/div>\n\t\t\t\t\t\t\t<div class=\"elementor-accordion-item\">\n\t\t\t\t\t<div id=\"elementor-tab-title-16226\" class=\"elementor-tab-title\" data-tab=\"26\" role=\"button\" aria-controls=\"elementor-tab-content-16226\" aria-expanded=\"false\">\n\t\t\t\t\t\t\t\t\t\t\t\t\t<span class=\"elementor-accordion-icon elementor-accordion-icon-left\" aria-hidden=\"true\">\n\t\t\t\t\t\t\t\t\t\t\t\t\t\t\t<span class=\"elementor-accordion-icon-closed\"><i class=\"fas fa-plus\"><\/i><\/span>\n\t\t\t\t\t\t\t\t<span class=\"elementor-accordion-icon-opened\"><i class=\"fas fa-minus\"><\/i><\/span>\n\t\t\t\t\t\t\t\t\t\t\t\t\t\t<\/span>\n\t\t\t\t\t\t\t\t\t\t\t\t<a class=\"elementor-accordion-title\" tabindex=\"0\">Czy mo\u017cesz da\u0107 prezenty nauczycielom?<\/a>\n\t\t\t\t\t<\/div>\n\t\t\t\t\t<div id=\"elementor-tab-content-16226\" class=\"elementor-tab-content elementor-clearfix\" data-tab=\"26\" role=\"region\" aria-labelledby=\"elementor-tab-title-16226\"><p><span style=\"font-weight: 400;\">B\u0105d\u017amy szczerzy: nie jest to prawnie zabronione, ale zgodnie z wymaganiami naszych darczy\u0144c\u00f3w jest to niemo\u017cliwe. Jeste\u015bmy zobowi\u0105zani do darczy\u0144c\u00f3w zgodnie z europejskimi praktykami, zgodnie z kt\u00f3rymi zakazane s\u0105 indywidualne prezenty dla nauczycieli lub innych specjalist\u00f3w w ich dziedzinie. <\/span><\/p>\n<p><span style=\"font-weight: 400;\">Dlatego we wszystkich trzech naszych szko\u0142ach rodzice i dzieci nie maj\u0105 obowi\u0105zku przynoszenia kwiat\u00f3w 1 wrze\u015bnia ani dawania pieni\u0119dzy na zakup zas\u0142on, nie ma wymogu wr\u0119czania kompletu okular\u00f3w lub wazonu, nie ma te\u017c zwyczaju \u015bwi\u0119towania. wakacje kalendarza tak po prostu. <\/span><\/p>\n<p><span style=\"font-weight: 400;\">Zamiast prezentu dla nauczycielki, lepiej kupi\u0107 dziecku ksi\u0105\u017ck\u0119 lub sp\u0119dzi\u0107 z ni\u0105 czas \ud83d\udc96<\/span><\/p>\n<p><span style=\"font-weight: 400;\">Zadaniem nauczycieli jest nauczanie dzieci. A zadaniem naszej fundacji jest zapewnienie warunk\u00f3w do nauki. To jest nasza misja. Dlatego najlepszym prezentem dla nas jest szcz\u0119\u015bliwe dziecko, kt\u00f3re pilnie si\u0119 uczy i kt\u00f3rego rodzice mu w tym pomagaj\u0105.<\/span><\/p>\n<p><span style=\"font-weight: 400;\">Ponadto uwa\u017camy, \u017ce pomoc celowana jest najskuteczniejsza. Sami mogli\u015bcie si\u0119 przekona\u0107, czy do\u0142\u0105czyli\u015bcie do kampanii \u201eLudowy Bayraktar\u201d. W zesz\u0142ym semestrze zapewnili\u015bmy edukacj\u0119 offline 750 dzieciom i zatrudnili\u015bmy 65 ukrai\u0144skich nauczycieli. <\/span><\/p>\n<\/div>\n\t\t\t\t<\/div>\n\t\t\t\t\t\t\t\t<\/div>\n\t\t\t\t\t\t<\/div>\n\t\t\t\t<\/div>\n\t\t\t\t\t<\/div>\n\t\t<\/div>\n\t\t\t\t\t<\/div>\n\t\t<\/section>\n\t\t\t\t<\/div>\n\t\t","protected":false},"excerpt":{"rendered":"<p>INFORMACJE O STUDIACH W PIERWSZEJ UKRAI\u0143SKIEJ SZKOLE W POLSCE W NOWYM ROKU AKADEMICKIM 2022\/2023 W roku akademickim 2022-2023. &#8220;Pierwsza Ukrai\u0144ska Szko\u0142a Fundacji Niezwyci\u0119\u017cona Ukraina&#8221; dzia\u0142a [&hellip;]<\/p>\n","protected":false},"author":6,"featured_media":30219,"parent":0,"menu_order":0,"comment_status":"closed","ping_status":"closed","template":"","meta":{"give_campaign_id":0,"nf_dc_page":"","inline_featured_image":false,"_uag_custom_page_level_css":"","site-sidebar-layout":"no-sidebar","site-content-layout":"page-builder","ast-site-content-layout":"full-width-container","site-content-style":"unboxed","site-sidebar-style":"unboxed","ast-global-header-display":"","ast-banner-title-visibility":"","ast-main-header-display":"","ast-hfb-above-header-display":"","ast-hfb-below-header-display":"","ast-hfb-mobile-header-display":"","site-post-title":"disabled","ast-breadcrumbs-content":"","ast-featured-img":"disabled","footer-sml-layout":"","ast-disable-related-posts":"","theme-transparent-header-meta":"","adv-header-id-meta":"","stick-header-meta":"","header-above-stick-meta":"","header-main-stick-meta":"","header-below-stick-meta":"","astra-migrate-meta-layouts":"default","ast-page-background-enabled":"default","ast-page-background-meta":{"desktop":{"background-color":"","background-image":"","background-repeat":"repeat","background-position":"center center","background-size":"auto","background-attachment":"scroll","background-type":"","background-media":"","overlay-type":"","overlay-color":"","overlay-opacity":"","overlay-gradient":""},"tablet":{"background-color":"","background-image":"","background-repeat":"repeat","background-position":"center center","background-size":"auto","background-attachment":"scroll","background-type":"","background-media":"","overlay-type":"","overlay-color":"","overlay-opacity":"","overlay-gradient":""},"mobile":{"background-color":"","background-image":"","background-repeat":"repeat","background-position":"center center","background-size":"auto","background-attachment":"scroll","background-type":"","background-media":"","overlay-type":"","overlay-color":"","overlay-opacity":"","overlay-gradient":""}},"ast-content-background-meta":{"desktop":{"background-color":"var(--ast-global-color-5)","background-image":"","background-repeat":"repeat","background-position":"center center","background-size":"auto","background-attachment":"scroll","background-type":"","background-media":"","overlay-type":"","overlay-color":"","overlay-opacity":"","overlay-gradient":""},"tablet":{"background-color":"var(--ast-global-color-5)","background-image":"","background-repeat":"repeat","background-position":"center center","background-size":"auto","background-attachment":"scroll","background-type":"","background-media":"","overlay-type":"","overlay-color":"","overlay-opacity":"","overlay-gradient":""},"mobile":{"background-color":"var(--ast-global-color-5)","background-image":"","background-repeat":"repeat","background-position":"center center","background-size":"auto","background-attachment":"scroll","background-type":"","background-media":"","overlay-type":"","overlay-color":"","overlay-opacity":"","overlay-gradient":""}},"footnotes":""},"categories":[72,73],"tags":[],"class_list":["post-19591","page","type-page","status-publish","has-post-thumbnail","hentry","category-news","category-novini"],"yoast_head":"<!-- This site is optimized with the Yoast SEO plugin v27.4 - https:\/\/yoast.com\/product\/yoast-seo-wordpress\/ -->\n<title>Informacje dotycz\u0105ce nauki szkolnej - Niezniszczalna Ukraina<\/title>\n<meta name=\"robots\" content=\"index, follow, max-snippet:-1, max-image-preview:large, max-video-preview:-1\" \/>\n<link rel=\"canonical\" href=\"https:\/\/nezlamna.org\/pl\/informacje-dotyczace-nauki-szkolnej\/\" \/>\n<meta property=\"og:locale\" content=\"pl_PL\" \/>\n<meta property=\"og:type\" content=\"article\" \/>\n<meta property=\"og:title\" content=\"Informacje dotycz\u0105ce nauki szkolnej - Niezniszczalna Ukraina\" \/>\n<meta property=\"og:description\" content=\"INFORMACJE O STUDIACH W PIERWSZEJ UKRAI\u0143SKIEJ SZKOLE W POLSCE W NOWYM ROKU AKADEMICKIM 2022\/2023 W roku akademickim 2022-2023. &#8220;Pierwsza Ukrai\u0144ska Szko\u0142a Fundacji Niezwyci\u0119\u017cona Ukraina&#8221; dzia\u0142a [&hellip;]\" \/>\n<meta property=\"og:url\" content=\"https:\/\/nezlamna.org\/pl\/informacje-dotyczace-nauki-szkolnej\/\" \/>\n<meta property=\"og:site_name\" content=\"Niezniszczalna Ukraina\" \/>\n<meta property=\"article:modified_time\" content=\"2023-04-23T05:09:42+00:00\" \/>\n<meta property=\"og:image\" content=\"https:\/\/nezlamna.org\/wp-content\/uploads\/vstup_11.06_1920-1024x576.png\" \/>\n\t<meta property=\"og:image:width\" content=\"1024\" \/>\n\t<meta property=\"og:image:height\" content=\"576\" \/>\n\t<meta property=\"og:image:type\" content=\"image\/png\" \/>\n<meta name=\"twitter:card\" content=\"summary_large_image\" \/>\n<meta name=\"twitter:label1\" content=\"Szacowany czas czytania\" \/>\n\t<meta name=\"twitter:data1\" content=\"11 minut\" \/>\n<script type=\"application\/ld+json\" class=\"yoast-schema-graph\">{\"@context\":\"https:\\\/\\\/schema.org\",\"@graph\":[{\"@type\":\"WebPage\",\"@id\":\"https:\\\/\\\/nezlamna.org\\\/pl\\\/informacje-dotyczace-nauki-szkolnej\\\/\",\"url\":\"https:\\\/\\\/nezlamna.org\\\/pl\\\/informacje-dotyczace-nauki-szkolnej\\\/\",\"name\":\"Informacje dotycz\u0105ce nauki szkolnej - Niezniszczalna Ukraina\",\"isPartOf\":{\"@id\":\"https:\\\/\\\/nezlamna.org\\\/pl\\\/#website\"},\"primaryImageOfPage\":{\"@id\":\"https:\\\/\\\/nezlamna.org\\\/pl\\\/informacje-dotyczace-nauki-szkolnej\\\/#primaryimage\"},\"image\":{\"@id\":\"https:\\\/\\\/nezlamna.org\\\/pl\\\/informacje-dotyczace-nauki-szkolnej\\\/#primaryimage\"},\"thumbnailUrl\":\"https:\\\/\\\/nezlamna.org\\\/wp-content\\\/uploads\\\/vstup_11.06_1920.png\",\"datePublished\":\"2022-08-10T19:40:30+00:00\",\"dateModified\":\"2023-04-23T05:09:42+00:00\",\"breadcrumb\":{\"@id\":\"https:\\\/\\\/nezlamna.org\\\/pl\\\/informacje-dotyczace-nauki-szkolnej\\\/#breadcrumb\"},\"inLanguage\":\"pl-PL\",\"potentialAction\":[{\"@type\":\"ReadAction\",\"target\":[\"https:\\\/\\\/nezlamna.org\\\/pl\\\/informacje-dotyczace-nauki-szkolnej\\\/\"]}]},{\"@type\":\"ImageObject\",\"inLanguage\":\"pl-PL\",\"@id\":\"https:\\\/\\\/nezlamna.org\\\/pl\\\/informacje-dotyczace-nauki-szkolnej\\\/#primaryimage\",\"url\":\"https:\\\/\\\/nezlamna.org\\\/wp-content\\\/uploads\\\/vstup_11.06_1920.png\",\"contentUrl\":\"https:\\\/\\\/nezlamna.org\\\/wp-content\\\/uploads\\\/vstup_11.06_1920.png\",\"width\":1920,\"height\":1080},{\"@type\":\"BreadcrumbList\",\"@id\":\"https:\\\/\\\/nezlamna.org\\\/pl\\\/informacje-dotyczace-nauki-szkolnej\\\/#breadcrumb\",\"itemListElement\":[{\"@type\":\"ListItem\",\"position\":1,\"name\":\"Home\",\"item\":\"https:\\\/\\\/nezlamna.org\\\/pl\\\/\"},{\"@type\":\"ListItem\",\"position\":2,\"name\":\"Informacje dotycz\u0105ce nauki szkolnej\"}]},{\"@type\":\"WebSite\",\"@id\":\"https:\\\/\\\/nezlamna.org\\\/pl\\\/#website\",\"url\":\"https:\\\/\\\/nezlamna.org\\\/pl\\\/\",\"name\":\"Niezniszczalna Ukraina\",\"description\":\"Projekt edukacyjny\",\"publisher\":{\"@id\":\"https:\\\/\\\/nezlamna.org\\\/pl\\\/#organization\"},\"potentialAction\":[{\"@type\":\"SearchAction\",\"target\":{\"@type\":\"EntryPoint\",\"urlTemplate\":\"https:\\\/\\\/nezlamna.org\\\/pl\\\/?s={search_term_string}\"},\"query-input\":{\"@type\":\"PropertyValueSpecification\",\"valueRequired\":true,\"valueName\":\"search_term_string\"}}],\"inLanguage\":\"pl-PL\"},{\"@type\":\"Organization\",\"@id\":\"https:\\\/\\\/nezlamna.org\\\/pl\\\/#organization\",\"name\":\"FUNDACJA NIEZNISZCZALNA UKRAINA\",\"url\":\"https:\\\/\\\/nezlamna.org\\\/pl\\\/\",\"logo\":{\"@type\":\"ImageObject\",\"inLanguage\":\"pl-PL\",\"@id\":\"https:\\\/\\\/nezlamna.org\\\/pl\\\/#\\\/schema\\\/logo\\\/image\\\/\",\"url\":\"https:\\\/\\\/nezlamna.org\\\/wp-content\\\/uploads\\\/2022\\\/07\\\/cropped-unbreakable_logo_color-vesna.png\",\"contentUrl\":\"https:\\\/\\\/nezlamna.org\\\/wp-content\\\/uploads\\\/2022\\\/07\\\/cropped-unbreakable_logo_color-vesna.png\",\"width\":1080,\"height\":360,\"caption\":\"FUNDACJA NIEZNISZCZALNA UKRAINA\"},\"image\":{\"@id\":\"https:\\\/\\\/nezlamna.org\\\/pl\\\/#\\\/schema\\\/logo\\\/image\\\/\"}}]}<\/script>\n<!-- \/ Yoast SEO plugin. -->","yoast_head_json":{"title":"Informacje dotycz\u0105ce nauki szkolnej - Niezniszczalna Ukraina","robots":{"index":"index","follow":"follow","max-snippet":"max-snippet:-1","max-image-preview":"max-image-preview:large","max-video-preview":"max-video-preview:-1"},"canonical":"https:\/\/nezlamna.org\/pl\/informacje-dotyczace-nauki-szkolnej\/","og_locale":"pl_PL","og_type":"article","og_title":"Informacje dotycz\u0105ce nauki szkolnej - Niezniszczalna Ukraina","og_description":"INFORMACJE O STUDIACH W PIERWSZEJ UKRAI\u0143SKIEJ SZKOLE W POLSCE W NOWYM ROKU AKADEMICKIM 2022\/2023 W roku akademickim 2022-2023. &#8220;Pierwsza Ukrai\u0144ska Szko\u0142a Fundacji Niezwyci\u0119\u017cona Ukraina&#8221; dzia\u0142a [&hellip;]","og_url":"https:\/\/nezlamna.org\/pl\/informacje-dotyczace-nauki-szkolnej\/","og_site_name":"Niezniszczalna Ukraina","article_modified_time":"2023-04-23T05:09:42+00:00","og_image":[{"width":1024,"height":576,"url":"https:\/\/nezlamna.org\/wp-content\/uploads\/vstup_11.06_1920-1024x576.png","type":"image\/png"}],"twitter_card":"summary_large_image","twitter_misc":{"Szacowany czas czytania":"11 minut"},"schema":{"@context":"https:\/\/schema.org","@graph":[{"@type":"WebPage","@id":"https:\/\/nezlamna.org\/pl\/informacje-dotyczace-nauki-szkolnej\/","url":"https:\/\/nezlamna.org\/pl\/informacje-dotyczace-nauki-szkolnej\/","name":"Informacje dotycz\u0105ce nauki szkolnej - Niezniszczalna Ukraina","isPartOf":{"@id":"https:\/\/nezlamna.org\/pl\/#website"},"primaryImageOfPage":{"@id":"https:\/\/nezlamna.org\/pl\/informacje-dotyczace-nauki-szkolnej\/#primaryimage"},"image":{"@id":"https:\/\/nezlamna.org\/pl\/informacje-dotyczace-nauki-szkolnej\/#primaryimage"},"thumbnailUrl":"https:\/\/nezlamna.org\/wp-content\/uploads\/vstup_11.06_1920.png","datePublished":"2022-08-10T19:40:30+00:00","dateModified":"2023-04-23T05:09:42+00:00","breadcrumb":{"@id":"https:\/\/nezlamna.org\/pl\/informacje-dotyczace-nauki-szkolnej\/#breadcrumb"},"inLanguage":"pl-PL","potentialAction":[{"@type":"ReadAction","target":["https:\/\/nezlamna.org\/pl\/informacje-dotyczace-nauki-szkolnej\/"]}]},{"@type":"ImageObject","inLanguage":"pl-PL","@id":"https:\/\/nezlamna.org\/pl\/informacje-dotyczace-nauki-szkolnej\/#primaryimage","url":"https:\/\/nezlamna.org\/wp-content\/uploads\/vstup_11.06_1920.png","contentUrl":"https:\/\/nezlamna.org\/wp-content\/uploads\/vstup_11.06_1920.png","width":1920,"height":1080},{"@type":"BreadcrumbList","@id":"https:\/\/nezlamna.org\/pl\/informacje-dotyczace-nauki-szkolnej\/#breadcrumb","itemListElement":[{"@type":"ListItem","position":1,"name":"Home","item":"https:\/\/nezlamna.org\/pl\/"},{"@type":"ListItem","position":2,"name":"Informacje dotycz\u0105ce nauki szkolnej"}]},{"@type":"WebSite","@id":"https:\/\/nezlamna.org\/pl\/#website","url":"https:\/\/nezlamna.org\/pl\/","name":"Niezniszczalna Ukraina","description":"Projekt edukacyjny","publisher":{"@id":"https:\/\/nezlamna.org\/pl\/#organization"},"potentialAction":[{"@type":"SearchAction","target":{"@type":"EntryPoint","urlTemplate":"https:\/\/nezlamna.org\/pl\/?s={search_term_string}"},"query-input":{"@type":"PropertyValueSpecification","valueRequired":true,"valueName":"search_term_string"}}],"inLanguage":"pl-PL"},{"@type":"Organization","@id":"https:\/\/nezlamna.org\/pl\/#organization","name":"FUNDACJA NIEZNISZCZALNA UKRAINA","url":"https:\/\/nezlamna.org\/pl\/","logo":{"@type":"ImageObject","inLanguage":"pl-PL","@id":"https:\/\/nezlamna.org\/pl\/#\/schema\/logo\/image\/","url":"https:\/\/nezlamna.org\/wp-content\/uploads\/2022\/07\/cropped-unbreakable_logo_color-vesna.png","contentUrl":"https:\/\/nezlamna.org\/wp-content\/uploads\/2022\/07\/cropped-unbreakable_logo_color-vesna.png","width":1080,"height":360,"caption":"FUNDACJA NIEZNISZCZALNA UKRAINA"},"image":{"@id":"https:\/\/nezlamna.org\/pl\/#\/schema\/logo\/image\/"}}]}},"campaignId":"","uagb_featured_image_src":{"full":["https:\/\/nezlamna.org\/wp-content\/uploads\/vstup_11.06_1920.png",1920,1080,false],"thumbnail":["https:\/\/nezlamna.org\/wp-content\/uploads\/vstup_11.06_1920-150x150.png",150,150,true],"medium":["https:\/\/nezlamna.org\/wp-content\/uploads\/vstup_11.06_1920-300x169.png",300,169,true],"medium_large":["https:\/\/nezlamna.org\/wp-content\/uploads\/vstup_11.06_1920-768x432.png",768,432,true],"large":["https:\/\/nezlamna.org\/wp-content\/uploads\/vstup_11.06_1920-1024x576.png",1024,576,true],"1536x1536":["https:\/\/nezlamna.org\/wp-content\/uploads\/vstup_11.06_1920-1536x864.png",1536,864,true],"2048x2048":["https:\/\/nezlamna.org\/wp-content\/uploads\/vstup_11.06_1920.png",1920,1080,false]},"uagb_author_info":{"display_name":"Admin Nezlamna","author_link":"https:\/\/nezlamna.org\/pl\/author\/marina-y\/"},"uagb_comment_info":0,"uagb_excerpt":"INFORMACJE O STUDIACH W PIERWSZEJ UKRAI\u0143SKIEJ SZKOLE W POLSCE W NOWYM ROKU AKADEMICKIM 2022\/2023 W roku akademickim 2022-2023. &#8220;Pierwsza Ukrai\u0144ska Szko\u0142a Fundacji Niezwyci\u0119\u017cona Ukraina&#8221; dzia\u0142a [&hellip;]","_links":{"self":[{"href":"https:\/\/nezlamna.org\/pl\/wp-json\/wp\/v2\/pages\/19591","targetHints":{"allow":["GET"]}}],"collection":[{"href":"https:\/\/nezlamna.org\/pl\/wp-json\/wp\/v2\/pages"}],"about":[{"href":"https:\/\/nezlamna.org\/pl\/wp-json\/wp\/v2\/types\/page"}],"author":[{"embeddable":true,"href":"https:\/\/nezlamna.org\/pl\/wp-json\/wp\/v2\/users\/6"}],"replies":[{"embeddable":true,"href":"https:\/\/nezlamna.org\/pl\/wp-json\/wp\/v2\/comments?post=19591"}],"version-history":[{"count":0,"href":"https:\/\/nezlamna.org\/pl\/wp-json\/wp\/v2\/pages\/19591\/revisions"}],"wp:featuredmedia":[{"embeddable":true,"href":"https:\/\/nezlamna.org\/pl\/wp-json\/wp\/v2\/media\/30219"}],"wp:attachment":[{"href":"https:\/\/nezlamna.org\/pl\/wp-json\/wp\/v2\/media?parent=19591"}],"wp:term":[{"taxonomy":"category","embeddable":true,"href":"https:\/\/nezlamna.org\/pl\/wp-json\/wp\/v2\/categories?post=19591"},{"taxonomy":"post_tag","embeddable":true,"href":"https:\/\/nezlamna.org\/pl\/wp-json\/wp\/v2\/tags?post=19591"}],"curies":[{"name":"wp","href":"https:\/\/api.w.org\/{rel}","templated":true}]}}